{"id":1418,"date":"2025-11-11T17:40:45","date_gmt":"2025-11-11T16:40:45","guid":{"rendered":"https:\/\/murzek.com\/?post_type=exhibitions&#038;p=1418"},"modified":"2025-11-11T17:41:58","modified_gmt":"2025-11-11T16:41:58","slug":"denken-ohne-menschen-ki-kunst-und-kulturelle-verantwortung","status":"publish","type":"exhibitions","link":"https:\/\/murzek.com\/de\/exhibitions\/denken-ohne-menschen-ki-kunst-und-kulturelle-verantwortung\/","title":{"rendered":"\u201eDenken ohne Menschen? KI, Kunst und kulturelle Verantwortung&#8220;"},"content":{"rendered":"\n<p><strong>Kulturgespr\u00e4ch 2025 \u00a0<\/strong><br><strong>des Nieder\u00f6sterreichischen Kultursenats<\/strong><\/p>\n\n\n\n<p><strong>Dienstag, 7. Oktober 2025<\/strong><\/p>\n\n\n\n<p>Haus der Digitalisierung<br>Konrad-Lorenz-Stra\u00dfe 10<br>3430 Tulln an der Donau<\/p>\n\n\n\n<p>Das Kunstprojekt\u00a0<strong>ALCHEMICAL IM\/POSSIBILITIES<\/strong>\u00a0von StudioOne vereint Werke von\u00a0<strong>Michael Heindl, Moritz Altersberger-Kenney, Gertraud K\u00f6ck, Christian Murzek, Florian Nitsch und Michaela Putz-Gonzales<\/strong>, die sich mit den Wechselwirkungen zwischen digitalen und analogen Ausdrucksformen besch\u00e4ftigen. Im Spannungsfeld zwischen KI-generierten Transkriptionen und analoger Pr\u00e4senz wird erforscht, wie digitale Prozesse Wahrnehmung, Umwelt und k\u00fcnstlerische Praxis beeinflussen. Erstmals auf der LED-Wall im Haus der Digitalisierung pr\u00e4sentiert, entfaltet die k\u00fcnstlerische Arbeit ein Netzwerk, in dem Abstraktion, Transformation und die Dynamik digitaler Bilder im Kontrast zur stillen Qualit\u00e4t analoger Werke sichtbar werden. Das Projekt wurde vom Kultursenat Nieder\u00f6sterreich \u00fcber\u00a0<strong>AIR-ARTIST IN RESIDENCE Nieder\u00f6sterreich<\/strong>\u00a0initiiert und er\u00f6ffnet f\u00fcr das Haus der Digitalisierung Perspektiven f\u00fcr eine weiterf\u00fchrende k\u00fcnstlerische Auseinandersetzung.<\/p>\n","protected":false},"featured_media":1419,"template":"","exhibition_year":[16],"class_list":["post-1418","exhibitions","type-exhibitions","status-publish","has-post-thumbnail","hentry","exhibition_year-16"],"acf":[],"yoast_head":"<!-- This site is optimized with the Yoast SEO plugin v24.2 - https:\/\/yoast.com\/wordpress\/plugins\/seo\/ -->\n<title>\u201eDenken ohne Menschen? KI, Kunst und kulturelle Verantwortung&quot; - Christian Murzek<\/title>\n<meta name=\"robots\" content=\"index, follow, max-snippet:-1, max-image-preview:large, max-video-preview:-1\" \/>\n<link rel=\"canonical\" href=\"https:\/\/murzek.com\/de\/exhibitions\/denken-ohne-menschen-ki-kunst-und-kulturelle-verantwortung\/\" \/>\n<meta property=\"og:locale\" content=\"de_DE\" \/>\n<meta property=\"og:type\" content=\"article\" \/>\n<meta property=\"og:title\" content=\"\u201eDenken ohne Menschen? KI, Kunst und kulturelle Verantwortung&quot; - Christian Murzek\" \/>\n<meta property=\"og:description\" content=\"Kulturgespr\u00e4ch 2025 \u00a0des Nieder\u00f6sterreichischen Kultursenats Dienstag, 7. Oktober 2025 Haus der DigitalisierungKonrad-Lorenz-Stra\u00dfe 103430 Tulln an der Donau Das Kunstprojekt\u00a0ALCHEMICAL IM\/POSSIBILITIES\u00a0von StudioOne vereint Werke von\u00a0Michael Heindl, Moritz Altersberger-Kenney, Gertraud K\u00f6ck, Christian Murzek, Florian Nitsch und Michaela Putz-Gonzales, die sich mit den Wechselwirkungen zwischen digitalen und analogen Ausdrucksformen besch\u00e4ftigen. Im Spannungsfeld zwischen KI-generierten Transkriptionen und analoger Pr\u00e4senz [&hellip;]\" \/>\n<meta property=\"og:url\" content=\"https:\/\/murzek.com\/de\/exhibitions\/denken-ohne-menschen-ki-kunst-und-kulturelle-verantwortung\/\" \/>\n<meta property=\"og:site_name\" content=\"Christian Murzek\" \/>\n<meta property=\"article:publisher\" content=\"https:\/\/www.facebook.com\/christianmurzek\/\" \/>\n<meta property=\"article:modified_time\" content=\"2025-11-11T16:41:58+00:00\" \/>\n<meta property=\"og:image\" content=\"https:\/\/murzek.com\/wp-content\/uploads\/2025\/11\/5-tulln-hausderdigitalisierung.jpg\" \/>\n\t<meta property=\"og:image:width\" content=\"1332\" \/>\n\t<meta property=\"og:image:height\" content=\"1282\" \/>\n\t<meta property=\"og:image:type\" content=\"image\/jpeg\" \/>\n<meta name=\"twitter:card\" content=\"summary_large_image\" \/>\n<meta name=\"twitter:site\" content=\"@FireMail\" \/>\n<meta name=\"twitter:label1\" content=\"Gesch\u00e4tzte Lesezeit\" \/>\n\t<meta name=\"twitter:data1\" content=\"1\u00a0Minute\" \/>\n<script type=\"application\/ld+json\" class=\"yoast-schema-graph\">{\"@context\":\"https:\/\/schema.org\",\"@graph\":[{\"@type\":\"WebPage\",\"@id\":\"https:\/\/murzek.com\/de\/exhibitions\/denken-ohne-menschen-ki-kunst-und-kulturelle-verantwortung\/\",\"url\":\"https:\/\/murzek.com\/de\/exhibitions\/denken-ohne-menschen-ki-kunst-und-kulturelle-verantwortung\/\",\"name\":\"\u201eDenken ohne Menschen? KI, Kunst und kulturelle Verantwortung\\\" - Christian Murzek\",\"isPartOf\":{\"@id\":\"https:\/\/murzek.com\/de\/#website\"},\"primaryImageOfPage\":{\"@id\":\"https:\/\/murzek.com\/de\/exhibitions\/denken-ohne-menschen-ki-kunst-und-kulturelle-verantwortung\/#primaryimage\"},\"image\":{\"@id\":\"https:\/\/murzek.com\/de\/exhibitions\/denken-ohne-menschen-ki-kunst-und-kulturelle-verantwortung\/#primaryimage\"},\"thumbnailUrl\":\"https:\/\/murzek.com\/wp-content\/uploads\/2025\/11\/5-tulln-hausderdigitalisierung.jpg\",\"datePublished\":\"2025-11-11T16:40:45+00:00\",\"dateModified\":\"2025-11-11T16:41:58+00:00\",\"breadcrumb\":{\"@id\":\"https:\/\/murzek.com\/de\/exhibitions\/denken-ohne-menschen-ki-kunst-und-kulturelle-verantwortung\/#breadcrumb\"},\"inLanguage\":\"de\",\"potentialAction\":[{\"@type\":\"ReadAction\",\"target\":[\"https:\/\/murzek.com\/de\/exhibitions\/denken-ohne-menschen-ki-kunst-und-kulturelle-verantwortung\/\"]}]},{\"@type\":\"ImageObject\",\"inLanguage\":\"de\",\"@id\":\"https:\/\/murzek.com\/de\/exhibitions\/denken-ohne-menschen-ki-kunst-und-kulturelle-verantwortung\/#primaryimage\",\"url\":\"https:\/\/murzek.com\/wp-content\/uploads\/2025\/11\/5-tulln-hausderdigitalisierung.jpg\",\"contentUrl\":\"https:\/\/murzek.com\/wp-content\/uploads\/2025\/11\/5-tulln-hausderdigitalisierung.jpg\",\"width\":1332,\"height\":1282},{\"@type\":\"BreadcrumbList\",\"@id\":\"https:\/\/murzek.com\/de\/exhibitions\/denken-ohne-menschen-ki-kunst-und-kulturelle-verantwortung\/#breadcrumb\",\"itemListElement\":[{\"@type\":\"ListItem\",\"position\":1,\"name\":\"Home\",\"item\":\"https:\/\/murzek.com\/de\/\"},{\"@type\":\"ListItem\",\"position\":2,\"name\":\"Exhibitions\",\"item\":\"https:\/\/murzek.com\/de\/ausstellung\/\"},{\"@type\":\"ListItem\",\"position\":3,\"name\":\"\u201eDenken ohne Menschen? KI, Kunst und kulturelle Verantwortung&#8221;\"}]},{\"@type\":\"WebSite\",\"@id\":\"https:\/\/murzek.com\/de\/#website\",\"url\":\"https:\/\/murzek.com\/de\/\",\"name\":\"Christian Murzek\",\"description\":\"artist based in Vienna\",\"publisher\":{\"@id\":\"https:\/\/murzek.com\/de\/#\/schema\/person\/0f438276edfdabc056d2933bc0b1e0ab\"},\"potentialAction\":[{\"@type\":\"SearchAction\",\"target\":{\"@type\":\"EntryPoint\",\"urlTemplate\":\"https:\/\/murzek.com\/de\/?s={search_term_string}\"},\"query-input\":{\"@type\":\"PropertyValueSpecification\",\"valueRequired\":true,\"valueName\":\"search_term_string\"}}],\"inLanguage\":\"de\"},{\"@type\":[\"Person\",\"Organization\"],\"@id\":\"https:\/\/murzek.com\/de\/#\/schema\/person\/0f438276edfdabc056d2933bc0b1e0ab\",\"name\":\"Christian Murzek\",\"image\":{\"@type\":\"ImageObject\",\"inLanguage\":\"de\",\"@id\":\"https:\/\/murzek.com\/de\/#\/schema\/person\/image\/\",\"url\":\"https:\/\/secure.gravatar.com\/avatar\/1180ce0f59a7a2f1d66a25bd11672eece43c27383d001798e35553ca711b4cf9?s=96&d=mm&r=g\",\"contentUrl\":\"https:\/\/secure.gravatar.com\/avatar\/1180ce0f59a7a2f1d66a25bd11672eece43c27383d001798e35553ca711b4cf9?s=96&d=mm&r=g\",\"caption\":\"Christian Murzek\"},\"logo\":{\"@id\":\"https:\/\/murzek.com\/de\/#\/schema\/person\/image\/\"},\"sameAs\":[\"https:\/\/www.facebook.com\/christianmurzek\/\",\"https:\/\/www.instagram.com\/chris_murzek\/\",\"https:\/\/www.linkedin.com\/in\/christian-murzek\/\",\"https:\/\/x.com\/FireMail\"]}]}<\/script>\n<!-- \/ Yoast SEO plugin. -->","yoast_head_json":{"title":"\u201eDenken ohne Menschen? KI, Kunst und kulturelle Verantwortung\" - Christian Murzek","robots":{"index":"index","follow":"follow","max-snippet":"max-snippet:-1","max-image-preview":"max-image-preview:large","max-video-preview":"max-video-preview:-1"},"canonical":"https:\/\/murzek.com\/de\/exhibitions\/denken-ohne-menschen-ki-kunst-und-kulturelle-verantwortung\/","og_locale":"de_DE","og_type":"article","og_title":"\u201eDenken ohne Menschen? KI, Kunst und kulturelle Verantwortung\" - Christian Murzek","og_description":"Kulturgespr\u00e4ch 2025 \u00a0des Nieder\u00f6sterreichischen Kultursenats Dienstag, 7. Oktober 2025 Haus der DigitalisierungKonrad-Lorenz-Stra\u00dfe 103430 Tulln an der Donau Das Kunstprojekt\u00a0ALCHEMICAL IM\/POSSIBILITIES\u00a0von StudioOne vereint Werke von\u00a0Michael Heindl, Moritz Altersberger-Kenney, Gertraud K\u00f6ck, Christian Murzek, Florian Nitsch und Michaela Putz-Gonzales, die sich mit den Wechselwirkungen zwischen digitalen und analogen Ausdrucksformen besch\u00e4ftigen. Im Spannungsfeld zwischen KI-generierten Transkriptionen und analoger Pr\u00e4senz [&hellip;]","og_url":"https:\/\/murzek.com\/de\/exhibitions\/denken-ohne-menschen-ki-kunst-und-kulturelle-verantwortung\/","og_site_name":"Christian Murzek","article_publisher":"https:\/\/www.facebook.com\/christianmurzek\/","article_modified_time":"2025-11-11T16:41:58+00:00","og_image":[{"width":1332,"height":1282,"url":"https:\/\/murzek.com\/wp-content\/uploads\/2025\/11\/5-tulln-hausderdigitalisierung.jpg","type":"image\/jpeg"}],"twitter_card":"summary_large_image","twitter_site":"@FireMail","twitter_misc":{"Gesch\u00e4tzte Lesezeit":"1\u00a0Minute"},"schema":{"@context":"https:\/\/schema.org","@graph":[{"@type":"WebPage","@id":"https:\/\/murzek.com\/de\/exhibitions\/denken-ohne-menschen-ki-kunst-und-kulturelle-verantwortung\/","url":"https:\/\/murzek.com\/de\/exhibitions\/denken-ohne-menschen-ki-kunst-und-kulturelle-verantwortung\/","name":"\u201eDenken ohne Menschen? KI, Kunst und kulturelle Verantwortung\" - Christian Murzek","isPartOf":{"@id":"https:\/\/murzek.com\/de\/#website"},"primaryImageOfPage":{"@id":"https:\/\/murzek.com\/de\/exhibitions\/denken-ohne-menschen-ki-kunst-und-kulturelle-verantwortung\/#primaryimage"},"image":{"@id":"https:\/\/murzek.com\/de\/exhibitions\/denken-ohne-menschen-ki-kunst-und-kulturelle-verantwortung\/#primaryimage"},"thumbnailUrl":"https:\/\/murzek.com\/wp-content\/uploads\/2025\/11\/5-tulln-hausderdigitalisierung.jpg","datePublished":"2025-11-11T16:40:45+00:00","dateModified":"2025-11-11T16:41:58+00:00","breadcrumb":{"@id":"https:\/\/murzek.com\/de\/exhibitions\/denken-ohne-menschen-ki-kunst-und-kulturelle-verantwortung\/#breadcrumb"},"inLanguage":"de","potentialAction":[{"@type":"ReadAction","target":["https:\/\/murzek.com\/de\/exhibitions\/denken-ohne-menschen-ki-kunst-und-kulturelle-verantwortung\/"]}]},{"@type":"ImageObject","inLanguage":"de","@id":"https:\/\/murzek.com\/de\/exhibitions\/denken-ohne-menschen-ki-kunst-und-kulturelle-verantwortung\/#primaryimage","url":"https:\/\/murzek.com\/wp-content\/uploads\/2025\/11\/5-tulln-hausderdigitalisierung.jpg","contentUrl":"https:\/\/murzek.com\/wp-content\/uploads\/2025\/11\/5-tulln-hausderdigitalisierung.jpg","width":1332,"height":1282},{"@type":"BreadcrumbList","@id":"https:\/\/murzek.com\/de\/exhibitions\/denken-ohne-menschen-ki-kunst-und-kulturelle-verantwortung\/#breadcrumb","itemListElement":[{"@type":"ListItem","position":1,"name":"Home","item":"https:\/\/murzek.com\/de\/"},{"@type":"ListItem","position":2,"name":"Exhibitions","item":"https:\/\/murzek.com\/de\/ausstellung\/"},{"@type":"ListItem","position":3,"name":"\u201eDenken ohne Menschen? KI, Kunst und kulturelle Verantwortung&#8221;"}]},{"@type":"WebSite","@id":"https:\/\/murzek.com\/de\/#website","url":"https:\/\/murzek.com\/de\/","name":"Christian Murzek","description":"artist based in Vienna","publisher":{"@id":"https:\/\/murzek.com\/de\/#\/schema\/person\/0f438276edfdabc056d2933bc0b1e0ab"},"potentialAction":[{"@type":"SearchAction","target":{"@type":"EntryPoint","urlTemplate":"https:\/\/murzek.com\/de\/?s={search_term_string}"},"query-input":{"@type":"PropertyValueSpecification","valueRequired":true,"valueName":"search_term_string"}}],"inLanguage":"de"},{"@type":["Person","Organization"],"@id":"https:\/\/murzek.com\/de\/#\/schema\/person\/0f438276edfdabc056d2933bc0b1e0ab","name":"Christian Murzek","image":{"@type":"ImageObject","inLanguage":"de","@id":"https:\/\/murzek.com\/de\/#\/schema\/person\/image\/","url":"https:\/\/secure.gravatar.com\/avatar\/1180ce0f59a7a2f1d66a25bd11672eece43c27383d001798e35553ca711b4cf9?s=96&d=mm&r=g","contentUrl":"https:\/\/secure.gravatar.com\/avatar\/1180ce0f59a7a2f1d66a25bd11672eece43c27383d001798e35553ca711b4cf9?s=96&d=mm&r=g","caption":"Christian Murzek"},"logo":{"@id":"https:\/\/murzek.com\/de\/#\/schema\/person\/image\/"},"sameAs":["https:\/\/www.facebook.com\/christianmurzek\/","https:\/\/www.instagram.com\/chris_murzek\/","https:\/\/www.linkedin.com\/in\/christian-murzek\/","https:\/\/x.com\/FireMail"]}]}},"_links":{"self":[{"href":"https:\/\/murzek.com\/de\/wp-json\/wp\/v2\/exhibition\/1418","targetHints":{"allow":["GET"]}}],"collection":[{"href":"https:\/\/murzek.com\/de\/wp-json\/wp\/v2\/exhibition"}],"about":[{"href":"https:\/\/murzek.com\/de\/wp-json\/wp\/v2\/types\/exhibitions"}],"wp:featuredmedia":[{"embeddable":true,"href":"https:\/\/murzek.com\/de\/wp-json\/wp\/v2\/media\/1419"}],"wp:attachment":[{"href":"https:\/\/murzek.com\/de\/wp-json\/wp\/v2\/media?parent=1418"}],"wp:term":[{"taxonomy":"exhibition_year","embeddable":true,"href":"https:\/\/murzek.com\/de\/wp-json\/wp\/v2\/exhibition_year?post=1418"}],"curies":[{"name":"wp","href":"https:\/\/api.w.org\/{rel}","templated":true}]}}