{"id":1430,"date":"2025-11-11T17:49:08","date_gmt":"2025-11-11T16:49:08","guid":{"rendered":"https:\/\/murzek.com\/?post_type=exhibitions&#038;p=1430"},"modified":"2025-11-11T19:55:17","modified_gmt":"2025-11-11T18:55:17","slug":"kulturpreise-des-landes-niederosterreich-2025","status":"publish","type":"exhibitions","link":"https:\/\/murzek.com\/de\/exhibitions\/kulturpreise-des-landes-niederosterreich-2025\/","title":{"rendered":"KULTURPREISE DES LANDES NIEDER\u00d6STERREICH 2025"},"content":{"rendered":"\n<p>BILDENDE KUNST \u2013 ANERKENNUNGSPREISE DES LANDES NIEDER\u00d6STERREICH | AIR &#8211; ARTIST IN RESIDENCE NIEDER\u00d6STERREICH | ZU GAST<\/p>\n\n\n\n<p>Anerkennungspreise \u2013 Bildende Kunst\u00a0 \u00a0 \u00a0 \u00a0 \u00a0 \u00a0 \u00a0 \u00a0 \u00a0 \u00a0 \u00a0 \u00a0 \u00a0 \u00a0 \u00a0 \u00a0 \u00a0 \u00a0 \u00a0 \u00a0 \u00a0 \u00a0 \u00a0 \u00a0 <strong>Christiane Peschek<\/strong><\/p>\n\n\n\n<p>\u00a0 \u00a0 \u00a0 \u00a0 \u00a0 \u00a0 \u00a0 \u00a0 \u00a0 \u00a0 \u00a0 \u00a0 \u00a0 \u00a0 \u00a0 \u00a0 \u00a0 \u00a0 \u00a0 \u00a0 \u00a0 \u00a0 \u00a0 \u00a0 \u00a0 \u00a0 \u00a0 \u00a0 \u00a0 \u00a0 \u00a0 \u00a0 \u00a0 \u00a0 \u00a0 \u00a0 \u00a0 \u00a0 \u00a0 \u00a0 \u00a0 \u00a0 \u00a0 \u00a0 \u00a0 \u00a0 \u00a0 \u00a0 \u00a0 \u00a0 \u00a0 \u00a0 \u00a0 \u00a0 \u00a0 \u00a0 \u00a0 \u00a0 <strong>Jochen H\u00f6ller<\/strong><\/p>\n\n\n\n<p>AIR \u2013 ARTIST IN RESIDENCE<strong>&nbsp; &nbsp; &nbsp; &nbsp; &nbsp; &nbsp; &nbsp; &nbsp; &nbsp; &nbsp; &nbsp; &nbsp; &nbsp; &nbsp; &nbsp; &nbsp; &nbsp; &nbsp; &nbsp; &nbsp; &nbsp; &nbsp; &nbsp; &nbsp; &nbsp; &nbsp; &nbsp; &nbsp; &nbsp; &nbsp; &nbsp; &nbsp; &nbsp; &nbsp; &nbsp; Emma Stroude, Irland<\/strong><\/p>\n\n\n\n<p>\u00a0 \u00a0 \u00a0 \u00a0 \u00a0 \u00a0 \u00a0 \u00a0 \u00a0 \u00a0 \u00a0 \u00a0 \u00a0 \u00a0 \u00a0 \u00a0 \u00a0 \u00a0 \u00a0 \u00a0 \u00a0 \u00a0 \u00a0 \u00a0 \u00a0 \u00a0 \u00a0 \u00a0 \u00a0 \u00a0 \u00a0 \u00a0 \u00a0 \u00a0 \u00a0 \u00a0 \u00a0 \u00a0 \u00a0 \u00a0 \u00a0 \u00a0 \u00a0 \u00a0 \u00a0 \u00a0 \u00a0 \u00a0 \u00a0 \u00a0 \u00a0 \u00a0 \u00a0 \u00a0 \u00a0 \u00a0 \u00a0 \u00a0 <strong>Christian Murzek, \u00d6sterreich<\/strong><\/p>\n\n\n\n<p>Zu Gast\u00a0 \u00a0 \u00a0 \u00a0 \u00a0 \u00a0 \u00a0 \u00a0 \u00a0 \u00a0 \u00a0 \u00a0 \u00a0 \u00a0 \u00a0 \u00a0 \u00a0 \u00a0 \u00a0 \u00a0 \u00a0 \u00a0 \u00a0 \u00a0 \u00a0 \u00a0 \u00a0 \u00a0 \u00a0 \u00a0 \u00a0 \u00a0 \u00a0 \u00a0 \u00a0 \u00a0 \u00a0 \u00a0 \u00a0 \u00a0 \u00a0 \u00a0 \u00a0 \u00a0 \u00a0 \u00a0 \u00a0 \u00a0 \u00a0 \u00a0 \u00a0  <strong>Banafsheh Rahmani<\/strong><\/p>\n\n\n\n<p><strong>\u00a0 \u00a0 \u00a0 \u00a0 \u00a0 \u00a0 \u00a0 \u00a0 \u00a0 \u00a0 \u00a0 \u00a0 \u00a0 \u00a0 \u00a0 \u00a0 \u00a0 \u00a0 \u00a0 \u00a0 \u00a0 \u00a0 \u00a0 \u00a0 \u00a0 \u00a0 \u00a0 \u00a0 \u00a0 \u00a0 \u00a0 \u00a0 \u00a0 \u00a0 \u00a0 \u00a0 \u00a0 \u00a0 \u00a0 \u00a0 \u00a0 \u00a0 \u00a0 \u00a0 \u00a0 \u00a0 \u00a0 \u00a0 \u00a0 \u00a0 \u00a0 \u00a0 \u00a0 \u00a0 \u00a0 \u00a0 \u00a0 \u00a0 \u00a0       Manfred Wakolbinger<\/strong><\/p>\n\n\n\n<p>G\u00e4ste kuratiert durch Saskia Sailer &nbsp; &nbsp; &nbsp; &nbsp; &nbsp; &nbsp; &nbsp; &nbsp; &nbsp; &nbsp; &nbsp; &nbsp; &nbsp; &nbsp; &nbsp; &nbsp; &nbsp; &nbsp; &nbsp; &nbsp; &nbsp; &nbsp; &nbsp; &nbsp; &nbsp; &nbsp; &nbsp; &nbsp; &nbsp;&nbsp;<\/p>\n\n\n\n<p><strong>Die traditionelle letzte Ausstellung des Jahres ist den Anerkennungspreisen des Landes Nieder\u00f6sterreich in der Sparte Bildende Kunst gewidmet.<\/strong><\/p>\n\n\n\n<p>Mit den Anerkennungspreisen ehrt das Land Nieder\u00f6sterreich herausragende K\u00fcnstlerinnen und K\u00fcnstler, die mit ihren innovativen und kreativen Arbeiten einen wichtigen Beitrag zur zeitgen\u00f6ssischen Kunstszene leisten. Die Ausstellung pr\u00e4sentiert eine vielf\u00e4ltige Auswahl an Werken, die die Bandbreite und Ausdruckskraft der Bildenden Kunst eindrucksvoll widerspiegeln und das Publikum dazu einladen, in die faszinierende Welt k\u00fcnstlerischer Kreativit\u00e4t einzutauchen.<\/p>\n","protected":false},"featured_media":1423,"template":"","exhibition_year":[16],"class_list":["post-1430","exhibitions","type-exhibitions","status-publish","has-post-thumbnail","hentry","exhibition_year-16"],"acf":[],"yoast_head":"<!-- This site is optimized with the Yoast SEO plugin v24.2 - https:\/\/yoast.com\/wordpress\/plugins\/seo\/ -->\n<title>KULTURPREISE DES LANDES NIEDER\u00d6STERREICH 2025 - Christian Murzek<\/title>\n<meta name=\"description\" content=\"Kulturpreis Nieder\u00f6sterreich 2025 Ausstellung\" \/>\n<meta name=\"robots\" content=\"index, follow, max-snippet:-1, max-image-preview:large, max-video-preview:-1\" \/>\n<link rel=\"canonical\" href=\"https:\/\/murzek.com\/de\/exhibitions\/kulturpreise-des-landes-niederosterreich-2025\/\" \/>\n<meta property=\"og:locale\" content=\"de_DE\" \/>\n<meta property=\"og:type\" content=\"article\" \/>\n<meta property=\"og:title\" content=\"KULTURPREISE DES LANDES NIEDER\u00d6STERREICH 2025 - Christian Murzek\" \/>\n<meta property=\"og:description\" content=\"Kulturpreis Nieder\u00f6sterreich 2025 Ausstellung\" \/>\n<meta property=\"og:url\" content=\"https:\/\/murzek.com\/de\/exhibitions\/kulturpreise-des-landes-niederosterreich-2025\/\" \/>\n<meta property=\"og:site_name\" content=\"Christian Murzek\" \/>\n<meta property=\"article:publisher\" content=\"https:\/\/www.facebook.com\/christianmurzek\/\" \/>\n<meta property=\"article:modified_time\" content=\"2025-11-11T18:55:17+00:00\" \/>\n<meta property=\"og:image\" content=\"https:\/\/murzek.com\/wp-content\/uploads\/2025\/11\/7-wuerdigungspreis-niederoesterreich.jpg\" \/>\n\t<meta property=\"og:image:width\" content=\"1332\" \/>\n\t<meta property=\"og:image:height\" content=\"1282\" \/>\n\t<meta property=\"og:image:type\" content=\"image\/jpeg\" \/>\n<meta name=\"twitter:card\" content=\"summary_large_image\" \/>\n<meta name=\"twitter:site\" content=\"@FireMail\" \/>\n<meta name=\"twitter:label1\" content=\"Gesch\u00e4tzte Lesezeit\" \/>\n\t<meta name=\"twitter:data1\" content=\"1\u00a0Minute\" \/>\n<script type=\"application\/ld+json\" class=\"yoast-schema-graph\">{\"@context\":\"https:\/\/schema.org\",\"@graph\":[{\"@type\":\"WebPage\",\"@id\":\"https:\/\/murzek.com\/de\/exhibitions\/kulturpreise-des-landes-niederosterreich-2025\/\",\"url\":\"https:\/\/murzek.com\/de\/exhibitions\/kulturpreise-des-landes-niederosterreich-2025\/\",\"name\":\"KULTURPREISE DES LANDES NIEDER\u00d6STERREICH 2025 - Christian Murzek\",\"isPartOf\":{\"@id\":\"https:\/\/murzek.com\/de\/#website\"},\"primaryImageOfPage\":{\"@id\":\"https:\/\/murzek.com\/de\/exhibitions\/kulturpreise-des-landes-niederosterreich-2025\/#primaryimage\"},\"image\":{\"@id\":\"https:\/\/murzek.com\/de\/exhibitions\/kulturpreise-des-landes-niederosterreich-2025\/#primaryimage\"},\"thumbnailUrl\":\"https:\/\/murzek.com\/wp-content\/uploads\/2025\/11\/7-wuerdigungspreis-niederoesterreich.jpg\",\"datePublished\":\"2025-11-11T16:49:08+00:00\",\"dateModified\":\"2025-11-11T18:55:17+00:00\",\"description\":\"Kulturpreis Nieder\u00f6sterreich 2025 Ausstellung\",\"breadcrumb\":{\"@id\":\"https:\/\/murzek.com\/de\/exhibitions\/kulturpreise-des-landes-niederosterreich-2025\/#breadcrumb\"},\"inLanguage\":\"de\",\"potentialAction\":[{\"@type\":\"ReadAction\",\"target\":[\"https:\/\/murzek.com\/de\/exhibitions\/kulturpreise-des-landes-niederosterreich-2025\/\"]}]},{\"@type\":\"ImageObject\",\"inLanguage\":\"de\",\"@id\":\"https:\/\/murzek.com\/de\/exhibitions\/kulturpreise-des-landes-niederosterreich-2025\/#primaryimage\",\"url\":\"https:\/\/murzek.com\/wp-content\/uploads\/2025\/11\/7-wuerdigungspreis-niederoesterreich.jpg\",\"contentUrl\":\"https:\/\/murzek.com\/wp-content\/uploads\/2025\/11\/7-wuerdigungspreis-niederoesterreich.jpg\",\"width\":1332,\"height\":1282},{\"@type\":\"BreadcrumbList\",\"@id\":\"https:\/\/murzek.com\/de\/exhibitions\/kulturpreise-des-landes-niederosterreich-2025\/#breadcrumb\",\"itemListElement\":[{\"@type\":\"ListItem\",\"position\":1,\"name\":\"Home\",\"item\":\"https:\/\/murzek.com\/de\/\"},{\"@type\":\"ListItem\",\"position\":2,\"name\":\"Exhibitions\",\"item\":\"https:\/\/murzek.com\/de\/ausstellung\/\"},{\"@type\":\"ListItem\",\"position\":3,\"name\":\"KULTURPREISE DES LANDES NIEDER\u00d6STERREICH 2025\"}]},{\"@type\":\"WebSite\",\"@id\":\"https:\/\/murzek.com\/de\/#website\",\"url\":\"https:\/\/murzek.com\/de\/\",\"name\":\"Christian Murzek\",\"description\":\"artist based in Vienna\",\"publisher\":{\"@id\":\"https:\/\/murzek.com\/de\/#\/schema\/person\/0f438276edfdabc056d2933bc0b1e0ab\"},\"potentialAction\":[{\"@type\":\"SearchAction\",\"target\":{\"@type\":\"EntryPoint\",\"urlTemplate\":\"https:\/\/murzek.com\/de\/?s={search_term_string}\"},\"query-input\":{\"@type\":\"PropertyValueSpecification\",\"valueRequired\":true,\"valueName\":\"search_term_string\"}}],\"inLanguage\":\"de\"},{\"@type\":[\"Person\",\"Organization\"],\"@id\":\"https:\/\/murzek.com\/de\/#\/schema\/person\/0f438276edfdabc056d2933bc0b1e0ab\",\"name\":\"Christian Murzek\",\"image\":{\"@type\":\"ImageObject\",\"inLanguage\":\"de\",\"@id\":\"https:\/\/murzek.com\/de\/#\/schema\/person\/image\/\",\"url\":\"https:\/\/secure.gravatar.com\/avatar\/1180ce0f59a7a2f1d66a25bd11672eece43c27383d001798e35553ca711b4cf9?s=96&d=mm&r=g\",\"contentUrl\":\"https:\/\/secure.gravatar.com\/avatar\/1180ce0f59a7a2f1d66a25bd11672eece43c27383d001798e35553ca711b4cf9?s=96&d=mm&r=g\",\"caption\":\"Christian Murzek\"},\"logo\":{\"@id\":\"https:\/\/murzek.com\/de\/#\/schema\/person\/image\/\"},\"sameAs\":[\"https:\/\/www.facebook.com\/christianmurzek\/\",\"https:\/\/www.instagram.com\/chris_murzek\/\",\"https:\/\/www.linkedin.com\/in\/christian-murzek\/\",\"https:\/\/x.com\/FireMail\"]}]}<\/script>\n<!-- \/ Yoast SEO plugin. -->","yoast_head_json":{"title":"KULTURPREISE DES LANDES NIEDER\u00d6STERREICH 2025 - Christian Murzek","description":"Kulturpreis Nieder\u00f6sterreich 2025 Ausstellung","robots":{"index":"index","follow":"follow","max-snippet":"max-snippet:-1","max-image-preview":"max-image-preview:large","max-video-preview":"max-video-preview:-1"},"canonical":"https:\/\/murzek.com\/de\/exhibitions\/kulturpreise-des-landes-niederosterreich-2025\/","og_locale":"de_DE","og_type":"article","og_title":"KULTURPREISE DES LANDES NIEDER\u00d6STERREICH 2025 - Christian Murzek","og_description":"Kulturpreis Nieder\u00f6sterreich 2025 Ausstellung","og_url":"https:\/\/murzek.com\/de\/exhibitions\/kulturpreise-des-landes-niederosterreich-2025\/","og_site_name":"Christian Murzek","article_publisher":"https:\/\/www.facebook.com\/christianmurzek\/","article_modified_time":"2025-11-11T18:55:17+00:00","og_image":[{"width":1332,"height":1282,"url":"https:\/\/murzek.com\/wp-content\/uploads\/2025\/11\/7-wuerdigungspreis-niederoesterreich.jpg","type":"image\/jpeg"}],"twitter_card":"summary_large_image","twitter_site":"@FireMail","twitter_misc":{"Gesch\u00e4tzte Lesezeit":"1\u00a0Minute"},"schema":{"@context":"https:\/\/schema.org","@graph":[{"@type":"WebPage","@id":"https:\/\/murzek.com\/de\/exhibitions\/kulturpreise-des-landes-niederosterreich-2025\/","url":"https:\/\/murzek.com\/de\/exhibitions\/kulturpreise-des-landes-niederosterreich-2025\/","name":"KULTURPREISE DES LANDES NIEDER\u00d6STERREICH 2025 - Christian Murzek","isPartOf":{"@id":"https:\/\/murzek.com\/de\/#website"},"primaryImageOfPage":{"@id":"https:\/\/murzek.com\/de\/exhibitions\/kulturpreise-des-landes-niederosterreich-2025\/#primaryimage"},"image":{"@id":"https:\/\/murzek.com\/de\/exhibitions\/kulturpreise-des-landes-niederosterreich-2025\/#primaryimage"},"thumbnailUrl":"https:\/\/murzek.com\/wp-content\/uploads\/2025\/11\/7-wuerdigungspreis-niederoesterreich.jpg","datePublished":"2025-11-11T16:49:08+00:00","dateModified":"2025-11-11T18:55:17+00:00","description":"Kulturpreis Nieder\u00f6sterreich 2025 Ausstellung","breadcrumb":{"@id":"https:\/\/murzek.com\/de\/exhibitions\/kulturpreise-des-landes-niederosterreich-2025\/#breadcrumb"},"inLanguage":"de","potentialAction":[{"@type":"ReadAction","target":["https:\/\/murzek.com\/de\/exhibitions\/kulturpreise-des-landes-niederosterreich-2025\/"]}]},{"@type":"ImageObject","inLanguage":"de","@id":"https:\/\/murzek.com\/de\/exhibitions\/kulturpreise-des-landes-niederosterreich-2025\/#primaryimage","url":"https:\/\/murzek.com\/wp-content\/uploads\/2025\/11\/7-wuerdigungspreis-niederoesterreich.jpg","contentUrl":"https:\/\/murzek.com\/wp-content\/uploads\/2025\/11\/7-wuerdigungspreis-niederoesterreich.jpg","width":1332,"height":1282},{"@type":"BreadcrumbList","@id":"https:\/\/murzek.com\/de\/exhibitions\/kulturpreise-des-landes-niederosterreich-2025\/#breadcrumb","itemListElement":[{"@type":"ListItem","position":1,"name":"Home","item":"https:\/\/murzek.com\/de\/"},{"@type":"ListItem","position":2,"name":"Exhibitions","item":"https:\/\/murzek.com\/de\/ausstellung\/"},{"@type":"ListItem","position":3,"name":"KULTURPREISE DES LANDES NIEDER\u00d6STERREICH 2025"}]},{"@type":"WebSite","@id":"https:\/\/murzek.com\/de\/#website","url":"https:\/\/murzek.com\/de\/","name":"Christian Murzek","description":"artist based in Vienna","publisher":{"@id":"https:\/\/murzek.com\/de\/#\/schema\/person\/0f438276edfdabc056d2933bc0b1e0ab"},"potentialAction":[{"@type":"SearchAction","target":{"@type":"EntryPoint","urlTemplate":"https:\/\/murzek.com\/de\/?s={search_term_string}"},"query-input":{"@type":"PropertyValueSpecification","valueRequired":true,"valueName":"search_term_string"}}],"inLanguage":"de"},{"@type":["Person","Organization"],"@id":"https:\/\/murzek.com\/de\/#\/schema\/person\/0f438276edfdabc056d2933bc0b1e0ab","name":"Christian Murzek","image":{"@type":"ImageObject","inLanguage":"de","@id":"https:\/\/murzek.com\/de\/#\/schema\/person\/image\/","url":"https:\/\/secure.gravatar.com\/avatar\/1180ce0f59a7a2f1d66a25bd11672eece43c27383d001798e35553ca711b4cf9?s=96&d=mm&r=g","contentUrl":"https:\/\/secure.gravatar.com\/avatar\/1180ce0f59a7a2f1d66a25bd11672eece43c27383d001798e35553ca711b4cf9?s=96&d=mm&r=g","caption":"Christian Murzek"},"logo":{"@id":"https:\/\/murzek.com\/de\/#\/schema\/person\/image\/"},"sameAs":["https:\/\/www.facebook.com\/christianmurzek\/","https:\/\/www.instagram.com\/chris_murzek\/","https:\/\/www.linkedin.com\/in\/christian-murzek\/","https:\/\/x.com\/FireMail"]}]}},"_links":{"self":[{"href":"https:\/\/murzek.com\/de\/wp-json\/wp\/v2\/exhibition\/1430","targetHints":{"allow":["GET"]}}],"collection":[{"href":"https:\/\/murzek.com\/de\/wp-json\/wp\/v2\/exhibition"}],"about":[{"href":"https:\/\/murzek.com\/de\/wp-json\/wp\/v2\/types\/exhibitions"}],"wp:featuredmedia":[{"embeddable":true,"href":"https:\/\/murzek.com\/de\/wp-json\/wp\/v2\/media\/1423"}],"wp:attachment":[{"href":"https:\/\/murzek.com\/de\/wp-json\/wp\/v2\/media?parent=1430"}],"wp:term":[{"taxonomy":"exhibition_year","embeddable":true,"href":"https:\/\/murzek.com\/de\/wp-json\/wp\/v2\/exhibition_year?post=1430"}],"curies":[{"name":"wp","href":"https:\/\/api.w.org\/{rel}","templated":true}]}}