{"id":1063,"date":"2023-02-14T13:50:16","date_gmt":"2023-02-14T12:50:16","guid":{"rendered":"https:\/\/murzek.com\/vita\/"},"modified":"2025-12-17T16:35:07","modified_gmt":"2025-12-17T15:35:07","slug":"vita","status":"publish","type":"page","link":"https:\/\/murzek.com\/de\/vita\/","title":{"rendered":"Vita"},"content":{"rendered":"<p><img decoding=\"async\" src=\"\/wp-content\/uploads\/2024\/04\/2024_04_10_Christian-Murzek_00217_web.jpg\" alt=\"\"><br \/>\n<img decoding=\"async\" src=\"\/wp-content\/uploads\/2023\/04\/5-VITA-1.svg\" alt=\"\"><\/p>\n<h1>\n<p>CV<\/p>\n<\/h1>\n<div>\n<p>Geboren 1986, lebt und arbeitet in Wien &amp; Nieder\u00f6sterreich. Nach seiner Ausbildung als Grafik-Designer studierte Christian Murzek Philosophie an der Universit\u00e4t Wien.<\/p>\n<p>2012 begann er sein Studium an der <a href=\"https:\/\/www.akbild.ac.at\/de\" target=\"_blank\" rel=\"noopener\">Akademie der bildenden K\u00fcnste <\/a>\u00a0bei Silke Otto-Knapp, Gunter Damisch, Veronika Dirnhofer und Christian Schwarzwald.<\/p>\n<p>Seine Arbeit bewegt sich an der Schnittstelle zwischen digitalen und analogen Prozessen, in der Codes und Algorithmen als Ausgangspunkte seiner ku\u0308nstlerischen Umsetzung dienen und in Druckgrafik, Malerei und Skulptur transformiert werden.<\/p>\n<\/div>\n<p><img decoding=\"async\" src=\"\/wp-content\/uploads\/2023\/02\/NAME-Master_EDUCATION-Kopie.svg\" alt=\"\"><\/p>\n<h1>\n<h2>AUSBILDUNG<\/h2>\n<\/h1>\n<ul>\n<li>\n<h3>2018<\/h3>\n<div>\n<p>Diplom mit Auszeichnung, <br \/>bei <a rel=\"noreferrer noopener\" href=\"https:\/\/www.christianschwarzwald.net\/\" target=\"_blank\">Christian Schwarzwald <\/a>&amp;\u00a0<a rel=\"noreferrer noopener\" href=\"http:\/\/www.veronikadirnhofer.com\/\" target=\"_blank\">Veronika Dirnhofer<\/a><\/p>\n<\/div>\n<\/li>\n<li>\n<h3>2016 &#8211; 2017<\/h3>\n<div>\n<p>Studium an der Akademie der bildenden K\u00fcnste <sup>[Wien]<span class=\"Apple-converted-space\"> <br \/><\/span><\/sup>bei <a rel=\"noreferrer noopener\" href=\"http:\/\/www.veronikadirnhofer.com\/\" target=\"_blank\">Veronika Dirnhofer<\/a><\/p>\n<\/div>\n<\/li>\n<li>\n<h3>2013 &#8211; 2016<\/h3>\n<div>\n<p>Studium an der Akademie der bildenden K\u00fcnste <sup>[Wien]<\/sup> <br \/><span class=\"Apple-tab-span\"> <\/span>Klasse Grafik, <span>bei <\/span><a rel=\"noreferrer noopener\" href=\"https:\/\/www.gunter-damisch.at\/\" target=\"_blank\">Gunter Damisch,<\/a><span>\u00a0<\/span><a href=\"http:\/\/www.veronikadirnhofer.com\/\" target=\"_blank\" rel=\"noreferrer noopener\">Veronika Dirnhofer<\/a><span>\u00a0&amp;\u00a0<\/span><span>Philip Patkowitsch<\/span><\/p>\n<\/div>\n<\/li>\n<li>\n<h3>2012 &#8211; 2013<\/h3>\n<div>\n<p>Studium an der Akademie der bildenden K\u00fcnste <sup>[Wien] <br \/><\/sup>Klasse f\u00fcr gegenst\u00e4ndliche Malerei, bei <a href=\"https:\/\/sammlung.belvedere.at\/people\/7624\/silke-ottoknapp;jsessionid=4FD133213D691C648D06C3D7A6A4FECD\" target=\"_blank\" rel=\"noreferrer noopener\">Silke Otto-Knapp<\/a><\/p>\n<\/div>\n<\/li>\n<li>\n<h3>2009 &#8211; 2013<\/h3>\n<div>\n<p>Studium der Philosophie <sup>[Wien]<\/sup><\/p>\n<\/div>\n<\/li>\n<\/ul>\n<p><img decoding=\"async\" src=\"\/wp-content\/uploads\/2023\/02\/NAME-Master_EXHIBITIONS-Kopie.svg\" alt=\"\"><\/p>\n<h2>\n<h2>Einzelausstellung<\/h2>\n<\/h2>\n<ul>\n<li>\n<h3>2024<\/h3>\n<div>\n<div class=\"page\" title=\"Page 1\">\n<div class=\"layoutArea\">\n<div class=\"column\">\n<p>Bridging digital and analog realms | <a href=\"https:\/\/eboran-galerie.net\" target=\"_blank\" rel=\"noopener\">EBORAN-Galerie <\/a><sup>[Salzburg]<\/sup><\/p>\n<p>Transfer code into structured chaos | <a href=\"https:\/\/attheprintingtable.com\/artists\/christian-murzek\/\" target=\"_blank\" rel=\"noopener\">At the pringing table<\/a>, <a href=\"https:\/\/viadukt.at\" target=\"_blank\" rel=\"noopener\">VIADUKT<\/a><span class=\"Apple-converted-space\">\u00a0 <\/span><sup>[Wien]<\/sup><\/p>\n<p><sup><span class=\"Apple-tab-span\"><\/span><\/sup>Con-ways Step | <a href=\"https:\/\/www.porgy.at\/events\/12202\/\" target=\"_blank\" rel=\"noopener\">Porgy &amp; Bess<\/a> <sup>[Wien]<\/sup><\/p>\n<p><span>1 while (true) {2 console.log(\u201eDies ist ein Glitch!\u201c); 3} <\/span><span>| \u00a0<\/span><a href=\"https:\/\/admiring-minsky-8aa98d.netlify.app\" target=\"_blank\" rel=\"noopener\">WaserWasser<\/a><span> <\/span><span><sup>[Wien]<\/sup><\/span><\/p>\n<\/div>\n<\/div>\n<\/div>\n<\/div>\n<\/li>\n<li>\n<h3>2023<\/h3>\n<div>\n<p><span>Landing of the Chrome_Glider | <a href=\"https:\/\/www.artlodge.at\" target=\"_blank\" rel=\"noopener\">ArtLodge,<\/a> Verditz <sup>[K\u00e4rnten]<\/sup><\/span><\/p>\n<\/div>\n<\/li>\n<li>\n<h3>2022<\/h3>\n<div>\n<p><span>PHYSICAL STATE |\u00a0<\/span><a rel=\"noreferrer noopener\" href=\"https:\/\/www.bildrecht.at\/bildraum\/\" target=\"_blank\">Bildraum07<\/a><span> <sup>[Wien]<\/sup><br \/><\/span><br \/><a rel=\"noreferrer noopener\" href=\"https:\/\/villach.at\/stadt-erleben\/kultur\/galerie-freihausgasse\" target=\"_blank\">Galerie Freihausgasse<\/a><span> | Villach\u00a0<sup>[K\u00e4rnten]<\/sup><br \/><\/span><br \/><a rel=\"noreferrer noopener\" href=\"http:\/\/www.galerien-thayaland.at\/christian-murzek\/\" target=\"_blank\">Kunstfabrik<\/a><span> | Gro\u00df-Siegharts <sup>[Nieder\u00f6sterreich]<\/sup><\/span><\/p>\n<p><span>Entities 3.0 | <a href=\"https:\/\/www.wohnzimmergalerie.net\/2022\/11\/christian-murzek-entities-3-0\/\" target=\"_blank\" rel=\"noopener\">Wohnzimmergalerie<\/a> <sup>[Ober\u00f6sterreich]<\/sup><\/span><\/p>\n<\/div>\n<\/li>\n<li>\n<h3>2021<\/h3>\n<div>\n<p><a rel=\"noreferrer noopener\" href=\"https:\/\/www.kuenstlerstadt-gmuend.at\/kuenstler\/christian-murzek-galerie-gmuend\" target=\"_blank\">Galerie GM\u00dcND<\/a><span> | Gm\u00fcnd\u00a0<sup>[K\u00e4rnten]<\/sup><br \/><\/span><br \/><span>Algorithm Waves | RedCarpet-Showroom Schottentor <sup>[Wien]<\/sup><\/span><br \/><span><br \/>BINARYYIELDPOINTCATALYSATOR | Johannesgasse <sup>[Wien]<\/sup><\/span><\/p>\n<\/div>\n<\/li>\n<li>\n<h3>2020<\/h3>\n<div>\n<p><span>Rule 30 | RED Carpet Showrooms, 1070 Neubau <sup>[Wien]<\/sup><\/span><\/p>\n<\/div>\n<\/li>\n<li>\n<h3>2019<\/h3>\n<div>\n<p><a rel=\"noreferrer noopener\" href=\"https:\/\/www.kuenstlerstadt-gmuend.at\/programm\/christian-murzek-2019\" target=\"_blank\">MALTALOAD 1.0<\/a><span> | AiR Gm\u00fcnd Residency\u00a0<sup>[K\u00e4rnten]<\/sup><\/span><\/p>\n<\/div>\n<\/li>\n<li>\n<h3>2018<\/h3>\n<div>\n<p><a rel=\"noreferrer noopener\" href=\"https:\/\/magdas-hotel.at\/de\/vienna-city\" target=\"_blank\">magdas<\/a><span> HOTEL <sup>[Vienna]<\/sup><\/span><\/p>\n<\/div>\n<\/li>\n<li>\n<h3>2017<\/h3>\n<div>\n<p><a href=\"https:\/\/www.akbild.ac.at\/de\/universitaet\/universitaetsbibliothek\" target=\"_blank\" rel=\"noreferrer noopener\">Bibliothek, Akademie der bildenden K\u00fcnste<\/a><span> <sup>[Wien]<\/sup><\/span><\/p>\n<\/div>\n<\/li>\n<li>\n<h3>2016<\/h3>\n<div>\n<p><a rel=\"noreferrer noopener\" href=\"http:\/\/www.kunstverein-mistelbach.at\/KV_Katalog15-19_online.pdf\" target=\"_blank\">\u00a0&#8222;into the woods&#8220; <\/a><span>|\u00a0<\/span><a href=\"https:\/\/www.mamuz.at\/de\/ausstellungen\/museum-mistelbach\/m-zone\" target=\"_blank\" rel=\"noreferrer noopener\">Nitsch-Museum Mistelbach<\/a><span> <sup>[Nieder\u00f6sterreich]<\/sup><\/span><\/p>\n<\/div>\n<\/li>\n<\/ul>\n<h2>\n<p>Ausgew\u00e4hlte GruppenausstellungeN<\/p>\n<\/h2>\n<ul>\n<li>\n<h3>2024<\/h3>\n<div>\n<p>Paper Unlimited | <a href=\"https:\/\/www.museumkrems.at\/news-aus-dem-museum\/news-detail\/erich-grabner-preis-fuer-kuenstlerische-grafik-der-stadt-krems\">Museum Krems<\/a> <sup>[Krems, Nieder\u00f6sterreich]<\/sup><\/p>\n<p>Parallel Editions 2024 | <a href=\"https:\/\/parallelvienna.com\">Parallel Vienna<\/a> <sup>[Wien]<\/sup>\u00a0<\/p>\n<p>Alchemical Im\/Possibilities | <a href=\"https:\/\/sehsaal.at\/alchemical-im-possibilities\/\">Sehsaal<\/a> <sup>[Wien]<\/sup>\u00a0<\/p>\n<p>Grids and Artifacts | <a href=\"http:\/\/www.grenzart.org\">GrenzArt<\/a> <sup>[Nieder\u00f6sterreich]<\/sup><\/p>\n<p>UNSUPERVISED | <a href=\"https:\/\/flat130.wixsite.com\/offspaceflat1\">Flat1<\/a> <sup>[Wien]<\/sup><\/p>\n<\/div>\n<\/li>\n<li>\n<h3>2023<\/h3>\n<div>\n<p>Second Stop | <a href=\"https:\/\/austriakulturinternational.at\/2023\/08\/31\/second-stop-points-of-view-kulturforum-bratislava\/\" target=\"_blank\" rel=\"noopener\">Kulturforum Bratislava<\/a> <sup>[Slovakei]<\/sup><\/p>\n<p>NASENBOHREN | Intervention | <a href=\"https:\/\/parallelvienna.com\" target=\"_blank\" rel=\"noopener\">Parallel Vienna<\/a> <sup>[Wien]<\/sup><\/p>\n<p><a href=\"https:\/\/www.medienkulturhaus.at\/events\/alabaster-gegner-haus\/\" target=\"_blank\" rel=\"noopener\">Alabasta<\/a> | Galerie der Stadt Wels <sup>[Ober\u00f6sterreich]<\/sup><\/p>\n<p>Sprache und Kunst \u2013 Codes und ihre Bedeutung | <a href=\"https:\/\/www.gruenspan.org\/2023\/sprache_und_kunst_codes.html\" target=\"_blank\" rel=\"noopener\">Gr\u00fcnspan<\/a> <sup>[K\u00e4rnten]<\/sup><\/p>\n<\/div>\n<\/li>\n<li>\n<h3>2022<\/h3>\n<div>\n<p><span>Kulturpreis des Landes Nieder\u00f6sterreich |<a rel=\"noreferrer noopener\" href=\"https:\/\/www.noedok.at\" target=\"_blank\">DOK NIEDER\u00d6STERREICH<\/a> <sup>[Nieder\u00f6sterreich]<\/sup><\/p>\n<p><\/span><span>Assembled Dimensions | kuratiert von Veronika Rudorfer | <br \/><\/span><a rel=\"noreferrer noopener\" href=\"https:\/\/www.iv.at\/Die-IV\/RS\/Haus-der-Industrie\/Das-Haus-der-Industrie\/das-haus-der-industrie.html\" target=\"_blank\">Haus der Industrie<\/a><span> <sup>[Wien]<\/sup><\/span><\/p>\n<p><a rel=\"noreferrer noopener\" href=\"https:\/\/parallelvienna.com\/\" target=\"_blank\">Parallel Vienna<\/a><span>, ProjectStatement | Semmelweis-Klinik<sup>[Wien]<\/sup><\/span><\/p>\n<p><a rel=\"noreferrer noopener\" href=\"https:\/\/www.noe.gv.at\/noe\/Kunst-Kultur\/Ausstellungsbruecke.html\" target=\"_blank\">Ausstellungsbr\u00fccke<\/a><span> | Regierungsviertel, St.P\u00f6lten <sup>[Nieder\u00f6sterreich]<\/sup><\/span><\/p>\n<p><a rel=\"noreferrer noopener\" href=\"https:\/\/www.questionmeandanswer.com\/event\/group-exhibition-2021\" target=\"_blank\">PRECARIOUS CIRCUMSTANCES<\/a><span>\u00a0|\u00a0<\/span><a rel=\"noreferrer noopener\" href=\"https:\/\/sohostudios.at\/\" target=\"_blank\">SoHo Ottakring<\/a><span> <sup>[Wien]<\/sup><\/span><\/p>\n<\/div>\n<\/li>\n<li>\n<h3>2021<\/h3>\n<div>\n<p><a rel=\"noreferrer noopener\" href=\"https:\/\/parallelvienna.com\/\" target=\"_blank\">Parallel Vienna,<\/a><span> ArtistStatement | Semmelweis-Klinik <sup>[Wien]<\/sup><br \/><\/span><br \/><a rel=\"noreferrer noopener\" href=\"http:\/\/www.supersuper.at\/\" target=\"_blank\">White Noise<\/a><span> | Kunstraum SUPER <sup>[Wien]<\/sup><\/span><br \/><span><br \/>Konvergenzen II |\u00a0<\/span><a href=\"http:\/\/www.kunstaspekt.at\/\" target=\"_blank\" rel=\"noreferrer noopener\">Galereie im Turm<\/a><span> <sup>[Nieder\u00f6sterreich]<\/sup><\/span><\/p>\n<\/div>\n<\/li>\n<li>\n<h3>2020<\/h3>\n<div>\n<p><a rel=\"noreferrer noopener\" href=\"https:\/\/www.summeracademy.at\/kurse\/tag-der-offenen-ateliers\/\" target=\"_blank\">Open Studio Day<\/a><span> | Internationale Sommer Akademie <sup>[Salzburg]<\/sup><\/span><\/p>\n<\/div>\n<\/li>\n<li>\n<h3>2019<\/h3>\n<div>\n<p><a rel=\"noreferrer noopener\" href=\"https:\/\/stadtlabore.wien.gv.at\/site\/neues-wahres-creative-cluster-x-vienna-art-week-20-11-17-22-uhr\/\" target=\"_blank\">Vienna Art Week via ArtStart<\/a><span> | Traktorfabrik <sup>[Wien]<\/sup><br \/><\/span><br \/><a rel=\"noreferrer noopener\" href=\"https:\/\/kaeshmaesh.wordpress.com\/2019\/09\/04\/gumballmachine-koeck-putz-murzek\/\" target=\"_blank\">Gumballmachine<\/a><span> | Kaeshmaesh <sup>[Wien]<\/sup><\/span><\/p>\n<p><a rel=\"noreferrer noopener\" href=\"https:\/\/www.taxispalais.art\/programm\/ausstellungen\/36-oesterreichischer-grafikwettbewerb\" target=\"_blank\">36th \u00f6sterreichischer Grafik Wettbewerb<\/a><span> |\u00a0 Taxis_Palais <sup>[Tirol]<\/sup><\/span><br \/><span><br \/>Koschatzky Art Award 2019 | MUMOK <sup>[Vienna]<\/sup><\/span><\/p>\n<p><a rel=\"noreferrer noopener\" href=\"https:\/\/www.k-haus.at\/besuch\/kalender\/ausstellung\/346\/haben-und-brauchen-in-wien.html\" target=\"_blank\">Haben und Brauchen in Wien<\/a><span> | K\u00fcnstlerhaus <sup>[Vienna]<\/sup><\/span><\/p>\n<\/div>\n<\/li>\n<li>\n<h3>2018<\/h3>\n<div>\n<p><a rel=\"noreferrer noopener\" href=\"https:\/\/repository.akbild.ac.at\/en\/sammlungen_absolventinnenkatalog\/query\/21720\" target=\"_blank\">Diplomausstellung \u201dinput:output\u201d<\/a><span> | Semperdepot <sup>[Wien]<\/sup><\/span><\/p>\n<\/div>\n<\/li>\n<li>\n<h3>2017<\/h3>\n<div>\n<p><a rel=\"noreferrer noopener\" href=\"https:\/\/5020.info\/programm\/wie-vermochten-wir-das-meer-auszutrinken\" target=\"_blank\">\u201cWie vermochten wir das Meer auszutrinken\u201d |<\/a><span> Galerie 5020 <sup>[Salzburg]<\/sup><br \/><\/span><br \/><a rel=\"noreferrer noopener\" href=\"https:\/\/www.akbild.ac.at\/Portal\/universitaet\/aktuelles\/ausstellungen-vermittlung\/2017\/rundgang-2017\/?searchterm=Murzek*&amp;set_language=de\" target=\"_blank\">\u201c\u2026 das Ozonloch ist \u2026\u201d<\/a><span> \u00a0| Bibliothek, Akademie der bildenden K\u00fcnste <sup>[Wien]<\/sup><\/span><\/p>\n<\/div>\n<\/li>\n<li>\n<h3>2016<\/h3>\n<div>\n<p><span>Keep your hat on. We may end \u2026\u201d | Offspace ,,das Manfred\u2018\u2018 <sup>[Wien]<\/sup><br \/><\/span><br \/><span>Gruppenausstellung | Galerie Gaudenz Pedit, Kitzb\u00fchel <sup>[Tirol]<\/sup><\/span><\/p>\n<\/div>\n<\/li>\n<li>\n<h3>2015<\/h3>\n<div>\n<p><a rel=\"noreferrer noopener\" href=\"https:\/\/esel.at\/termin\/81960\/territory\" target=\"_blank\">\u201cTERRITORY\u201d<\/a><span> | Bl\u00fctengasse 9 <sup>[Wien]<\/sup><\/span><\/p>\n<\/div>\n<\/li>\n<li>\n<h3>2014<\/h3>\n<div>\n<p><span>Europatag\/Europe Day | Stadtzentrum Lviv <sup>[Ukraine]<\/sup><\/span><\/p>\n<\/div>\n<\/li>\n<li>\n<h3>2013<\/h3>\n<div>\n<p><span>Paroda ART knyga\u00a0 |\u00a0<\/span><a href=\"https:\/\/biblioteka.vu.lt\/en\/\" target=\"_blank\" rel=\"noreferrer noopener\">Central Library-Vilnius<\/a><span> <sup>[Litauen]<\/sup><\/span><\/p>\n<\/div>\n<\/li>\n<\/ul>\n<p><img decoding=\"async\" src=\"\/wp-content\/uploads\/2023\/02\/NAME-Master_AWARDS-Kopie.svg\" alt=\"\"><\/p>\n<h1>\n<h2>Stipendien | Auszeichnungen | Residencies<\/h2>\n<\/h1>\n<ul>\n<li>\n<h3>2025<\/h3>\n<div>\n<p><span>AiR \u2013 Artist in Residence | CHICAGO USA\u00a0<\/span><\/p>\n<\/div>\n<\/li>\n<li>\n<h3>2024<\/h3>\n<div>\n<div class=\"page\" title=\"Page 2\">\n<div class=\"section\">\n<div class=\"layoutArea\">\n<div class=\"column\">\n<p><span><a href=\"https:\/\/www.museumkrems.at\/ausstellung\/erich-grabner-preis\/ausschreibung\" target=\"_blank\" rel=\"noopener\">ERICH GRABNER PREIS<\/a>| Nominierung<\/span><\/p>\n<\/div>\n<\/div>\n<\/div>\n<\/div>\n<\/div>\n<\/li>\n<li>\n<h3>2023<\/h3>\n<div>\n<p><span>AiR \u2013 Artist in Residence | Paliano 2023 <sup>[Italien]<\/sup><\/span><\/p>\n<\/div>\n<\/li>\n<li>\n<h3>2022<\/h3>\n<div>\n<p><a href=\"https:\/\/www.stadt-salzburg.at\/news\/rundum-ein-hingucker-kunst-litfasssaeulen-salzburg-2022\/\" target=\"_blank\" rel=\"noreferrer noopener\">,,Kunst-Litfa\u00dfs\u00e4ulen\u201d<\/a><span> | Stadt Salzburg <sup>[Salzburg]<\/sup><br \/><\/span><br \/><a rel=\"noreferrer noopener\" href=\"https:\/\/www.strabag-kunstforum.at\/artaward\/juryvorauswahl-und-auszeichnungen\/showartist\/12580\" target=\"_blank\">STRABAG ART-AWARD<\/a><span> | nominiert<\/span><\/p>\n<\/div>\n<\/li>\n<li>\n<h3>2021<\/h3>\n<div>\n<p><a rel=\"noreferrer noopener\" href=\"https:\/\/www.parnass.at\/\" target=\"_blank\">PARNASS<\/a><span> | Up&amp;Coming | Publikation<br \/><\/span><br \/><span>Art Matters |\u00a0<\/span><a rel=\"noreferrer noopener\" href=\"http:\/\/www.galerie-biesenbach.de\/\" target=\"_blank\">Galerie Biesenbach<\/a><span> | nominiert<\/span><\/p>\n<\/div>\n<\/li>\n<li>\n<h3>2020<\/h3>\n<div>\n<p><a rel=\"noreferrer noopener\" href=\"https:\/\/www.strabag-kunstforum.at\/artaward\/juryvorauswahl-und-auszeichnungen\/showartist\/10509\" target=\"_blank\">STRABAG ART-AWARD<\/a><span> | nominiert<br \/><\/span><br \/><a rel=\"noreferrer noopener\" href=\"https:\/\/www.summeracademy.at\/en\/\" target=\"_blank\">Sommer Akademie Salzburg<\/a><span> | <br \/>Stipendendium bei<\/span><span>\u00a0<\/span><a href=\"http:\/\/www.galerie-biesenbach.de\/\" target=\"_blank\" rel=\"noreferrer noopener\">Tobias Pils<\/a><span>\u00a0&amp;\u00a0<\/span><a href=\"https:\/\/www.michaelhorsky.at\/\" target=\"_blank\" rel=\"noreferrer noopener\">Michael Horsky<\/a><\/p>\n<\/div>\n<\/li>\n<li>\n<h3>2019<\/h3>\n<div>\n<p><a rel=\"noreferrer noopener\" href=\"https:\/\/kuenstlerstadt-gmuend.at\/Portals\/0\/2019\/_KI_Katalog_Christian_Murzek.pdf?ver=2019-10-18-114440-213\" target=\"_blank\">AiR \u2013 Gm\u00fcnd\u00a0<\/a><span>| Residency<br \/><\/span><br \/><span>Walter KOSCHATZKY ART AWARD | nominiert<br \/><\/span><br \/><a rel=\"noreferrer noopener\" href=\"https:\/\/www.strabag-kunstforum.at\/assets\/Uploads\/Katalog-PDFs\/Katalog-2019-Webversion.pdf\" target=\"_blank\">STRABAG ART-AWARD |<\/a><span>nominiert<\/span><span><br \/><\/span><br \/><a rel=\"noreferrer noopener\" href=\"https:\/\/www.akbild.ac.at\/Portal\/studium\/nachwuchsfoerderung-1\/akademie_studio\/stipendiat_innen-2019\/christian-murzek\" target=\"_blank\">Art Start_STUDIO |<\/a><span> Atelier-Stipendium<\/span><\/p>\n<\/div>\n<\/li>\n<li>\n<h3>2018<\/h3>\n<div>\n<p><a rel=\"noreferrer noopener\" href=\"https:\/\/oe1.orf.at\/artikel\/643848\/Oe1-Grafik-des-Monats-zellularer-meltdown\" target=\"_blank\">\u00d61 \u2013 Grafik des Monats<\/a><\/p>\n<\/div>\n<\/li>\n<li>\n<h3>2017<\/h3>\n<div>\n<p><a href=\"https:\/\/www.strabag-kunstforum.at\/artaward\/juryvorauswahl-und-auszeichnungen\/showartist\/6692\" data-type=\"URL\" data-id=\"https:\/\/www.strabag-kunstforum.at\/artaward\/juryvorauswahl-und-auszeichnungen\/showartist\/6692\" target=\"_blank\" rel=\"noreferrer noopener\">STRABAG ART-AWARD |<\/a><span> nominiert<\/span><\/p>\n<\/div>\n<\/li>\n<li>\n<h3>2015<\/h3>\n<div>\n<p><span>Walter KOSCHATZKY ART AWARD | nominiert<br \/><\/span><br \/><a rel=\"noreferrer noopener\" href=\"https:\/\/www.strabag-kunstforum.at\/assets\/Uploads\/Katalog-PDFs\/Katalog-2015-Webversion.pdf\" target=\"_blank\">\u00a0STRABAG ART-AWARD |<\/a><span> nominiert<\/span><\/p>\n<\/div>\n<\/li>\n<\/ul>\n<h1>\n<p>Sammlungen<\/p>\n<\/h1>\n<div>\n<p style=\"text-align: left;\">\u2022 <span>Landessammlungen Nieder\u00f6sterreich<\/span><\/p>\n<p style=\"text-align: left;\">\u2022 Stadt Wien, MA7<\/p>\n<p style=\"text-align: left;\">\u2022 Kupferstichkabinett, Wien<\/p>\n<p style=\"text-align: left;\">\u2022 Arbeiten in privaten Sammlungen<\/p>\n<\/div>\n<h1>\n<p>DOWNLOADS<\/p>\n<\/h1>\n<div>\n<p style=\"text-align: left;\">demn\u00e4chst\u2026<\/p>\n<\/div>\n<p><!--more--><br \/>\n<!-- {\"type\":\"layout\",\"children\":[{\"type\":\"section\",\"props\":{\"image_position\":\"center-center\",\"padding_remove_top\":true,\"style\":\"default\",\"title_breakpoint\":\"xl\",\"title_position\":\"top-left\",\"title_rotation\":\"left\",\"vertical_align\":\"middle\",\"width\":\"default\"},\"children\":[{\"type\":\"row\",\"props\":{\"layout\":\"1-2,1-2\",\"margin\":\"remove-vertical\",\"match\":false},\"children\":[{\"type\":\"column\",\"props\":{\"image_position\":\"center-center\",\"position_sticky_breakpoint\":\"m\",\"vertical_align\":\"middle\",\"width_medium\":\"1-2\"},\"children\":[{\"type\":\"image\",\"props\":{\"image\":\"wp-content\\\/uploads\\\/2024\\\/04\\\/2024_04_10_Christian-Murzek_00217_web.jpg\",\"image_height\":\"350\",\"image_svg_color\":\"emphasis\",\"margin\":\"default\",\"margin_remove_bottom\":true,\"margin_remove_top\":false}},{\"type\":\"image\",\"props\":{\"animation\":\"none\",\"image\":\"wp-content\\\/uploads\\\/2023\\\/04\\\/5-VITA-1.svg\",\"image_loading\":false,\"image_svg_color\":\"\",\"image_svg_inline\":true,\"image_width\":\"50\",\"margin\":\"default\",\"position\":\"absolute\",\"position_left\":\"-85px\",\"position_top\":\"-7\",\"visibility\":\"s\"},\"name\":\"VITA\"}]},{\"type\":\"column\",\"props\":{\"image_position\":\"center-center\",\"position_sticky_breakpoint\":\"m\",\"width_medium\":\"1-2\"},\"children\":[{\"type\":\"headline\",\"props\":{\"content\":\"\n\n<p>CV<\\\/p>\",\"margin\":\"remove-vertical\",\"margin_remove_top\":true,\"title_element\":\"h1\",\"title_style\":\"h2\"}},{\"type\":\"text\",\"props\":{\"animation\":\"fade\",\"column_breakpoint\":\"m\",\"content\":\"\n\n<p>Geboren 1986, lebt und arbeitet in Wien &amp; Nieder\\u00f6sterreich. Nach seiner Ausbildung als Grafik-Designer studierte Christian Murzek Philosophie an der Universit\\u00e4t Wien.<\\\/p>\\n\n\n<p>2012 begann er sein Studium an der <a href=\\\"https:\\\/\\\/www.akbild.ac.at\\\/de\\\" target=\\\"_blank\\\" rel=\\\"noopener\\\">Akademie der bildenden K\\u00fcnste <\\\/a>\\u00a0bei Silke Otto-Knapp, Gunter Damisch, Veronika Dirnhofer und Christian Schwarzwald.<\\\/p>\\n\n\n<p>Seine Arbeit bewegt sich an der Schnittstelle zwischen digitalen und analogen Prozessen, in der Codes und Algorithmen als Ausgangspunkte seiner ku\\u0308nstlerischen Umsetzung dienen und in Druckgrafik, Malerei und Skulptur transformiert werden.<\\\/p>\",\"margin\":\"remove-vertical\",\"maxwidth\":\"xlarge\",\"text_align\":\"left\"}}]}]}],\"name\":\"Vita-Foto\"},{\"type\":\"section\",\"props\":{\"image_position\":\"center-center\",\"style\":\"default\",\"title_breakpoint\":\"xl\",\"title_position\":\"top-left\",\"title_rotation\":\"left\",\"vertical_align\":\"middle\",\"width\":\"default\"},\"children\":[{\"type\":\"row\",\"children\":[{\"type\":\"column\",\"props\":{\"image_position\":\"center-center\",\"position_sticky_breakpoint\":\"m\"},\"children\":[{\"type\":\"image\",\"props\":{\"image\":\"wp-content\\\/uploads\\\/2023\\\/02\\\/NAME-Master_EDUCATION-Kopie.svg\",\"image_loading\":false,\"image_svg_color\":\"\",\"image_svg_inline\":true,\"image_width\":\"50\",\"margin\":\"default\",\"position\":\"absolute\",\"position_left\":\"-85px\",\"position_top\":\"47\",\"visibility\":\"s\"},\"name\":\"EDUCATION\"}]}],\"props\":{\"column_gap\":\"collapse\",\"margin\":\"remove-vertical\",\"row_gap\":\"collapse\"}},{\"type\":\"row\",\"props\":{\"margin\":\"remove-vertical\"},\"children\":[{\"type\":\"column\",\"props\":{\"image_position\":\"center-center\",\"position_sticky_breakpoint\":\"m\"},\"children\":[{\"type\":\"headline\",\"props\":{\"content\":\"\n\n<h2>AUSBILDUNG<\\\/h2>\",\"margin_remove_bottom\":false,\"margin_remove_top\":false,\"title_element\":\"h1\",\"visibility\":\"hidden-xl\"}},{\"type\":\"hd-timeline\",\"props\":{\"align_default\":\"right\",\"align_medium\":\"left-alternate\",\"content_column_breakpoint\":\"m\",\"content_margin\":\"remove\",\"icon_width\":80,\"image_align\":\"top\",\"image_grid_breakpoint\":\"m\",\"image_grid_width\":\"1-2\",\"image_svg_color\":\"emphasis\",\"item_animation\":true,\"line_color\":\"rgba(0, 0, 0, 0.1)\",\"link_style\":\"default\",\"link_text\":\"Read more\",\"margin\":\"default\",\"meta_align\":\"below-title\",\"meta_element\":\"div\",\"meta_style\":\"text-meta\",\"show_content\":true,\"show_image\":false,\"show_link\":false,\"show_meta\":false,\"show_title\":true,\"timeline_icon_background\":\"rgba(255, 255, 255, 1)\",\"timeline_icon_border\":\"rgba(0, 0, 0, 0.1)\",\"timeline_icon_width\":40,\"title_align\":\"top\",\"title_element\":\"h3\",\"title_grid_breakpoint\":\"m\",\"title_grid_width\":\"1-2\",\"title_hover_style\":\"reset\"},\"children\":[{\"type\":\"hd-timeline_item\",\"props\":{\"content\":\"\n\n<p>Diplom mit Auszeichnung, <br \\\/>bei <a rel=\\\"noreferrer noopener\\\" href=\\\"https:\\\/\\\/www.christianschwarzwald.net\\\/\\\" target=\\\"_blank\\\">Christian Schwarzwald <\\\/a>&amp;\\u00a0<a rel=\\\"noreferrer noopener\\\" href=\\\"http:\\\/\\\/www.veronikadirnhofer.com\\\/\\\" target=\\\"_blank\\\">Veronika Dirnhofer<\\\/a><\\\/p>\",\"image\":\"\",\"title\":\"2018\"}},{\"type\":\"hd-timeline_item\",\"props\":{\"content\":\"\n\n<p>Studium an der Akademie der bildenden K\\u00fcnste <sup>[Wien]<span class=\\\"Apple-converted-space\\\"> <br \\\/><\\\/span><\\\/sup>bei <a rel=\\\"noreferrer noopener\\\" href=\\\"http:\\\/\\\/www.veronikadirnhofer.com\\\/\\\" target=\\\"_blank\\\">Veronika Dirnhofer<\\\/a><\\\/p>\",\"title\":\"2016 - 2017\"}},{\"type\":\"hd-timeline_item\",\"props\":{\"content\":\"\n\n<p>Studium an der Akademie der bildenden K\\u00fcnste <sup>[Wien]<\\\/sup> <br \\\/><span class=\\\"Apple-tab-span\\\"> <\\\/span>Klasse Grafik, <span>bei <\\\/span><a rel=\\\"noreferrer noopener\\\" href=\\\"https:\\\/\\\/www.gunter-damisch.at\\\/\\\" target=\\\"_blank\\\">Gunter Damisch,<\\\/a><span>\\u00a0<\\\/span><a href=\\\"http:\\\/\\\/www.veronikadirnhofer.com\\\/\\\" target=\\\"_blank\\\" rel=\\\"noreferrer noopener\\\">Veronika Dirnhofer<\\\/a><span>\\u00a0&amp;\\u00a0<\\\/span><span>Philip Patkowitsch<\\\/span><\\\/p>\",\"title\":\"2013 - 2016\"}},{\"type\":\"hd-timeline_item\",\"props\":{\"content\":\"\n\n<p>Studium an der Akademie der bildenden K\\u00fcnste <sup>[Wien] <br \\\/><\\\/sup>Klasse f\\u00fcr gegenst\\u00e4ndliche Malerei, bei <a href=\\\"https:\\\/\\\/sammlung.belvedere.at\\\/people\\\/7624\\\/silke-ottoknapp;jsessionid=4FD133213D691C648D06C3D7A6A4FECD\\\" target=\\\"_blank\\\" rel=\\\"noreferrer noopener\\\">Silke Otto-Knapp<\\\/a><\\\/p>\",\"title\":\"2012 - 2013\"}},{\"type\":\"hd-timeline_item\",\"props\":{\"content\":\"\n\n<p>Studium der Philosophie <sup>[Wien]<\\\/sup><\\\/p>\",\"title\":\"2009 - 2013\"}}]}]}]}],\"name\":\"Education\"},{\"type\":\"section\",\"props\":{\"image_position\":\"center-center\",\"style\":\"default\",\"title_breakpoint\":\"xl\",\"title_position\":\"top-left\",\"title_rotation\":\"left\",\"vertical_align\":\"middle\",\"width\":\"default\"},\"children\":[{\"type\":\"row\",\"children\":[{\"type\":\"column\",\"props\":{\"image_position\":\"center-center\",\"position_sticky_breakpoint\":\"m\"},\"children\":[{\"type\":\"image\",\"props\":{\"image\":\"wp-content\\\/uploads\\\/2023\\\/02\\\/NAME-Master_EXHIBITIONS-Kopie.svg\",\"image_svg_color\":\"\",\"image_svg_inline\":true,\"image_width\":\"50\",\"margin\":\"default\",\"position\":\"absolute\",\"position_left\":\"-85px\",\"position_top\":\"47\",\"visibility\":\"xl\"},\"name\":\"EXHIBITION\"},{\"type\":\"headline\",\"props\":{\"content\":\"\n\n<h2>Einzelausstellung<\\\/h2>\",\"title_element\":\"h2\"},\"name\":\"SOLO\"},{\"type\":\"hd-timeline\",\"props\":{\"align_default\":\"right\",\"align_medium\":\"left-alternate\",\"content_column_breakpoint\":\"m\",\"content_margin\":\"remove\",\"icon_width\":80,\"image_align\":\"top\",\"image_grid_breakpoint\":\"m\",\"image_grid_width\":\"1-2\",\"image_svg_color\":\"emphasis\",\"item_animation\":true,\"line_color\":\"rgba(0, 0, 0, 0.1)\",\"link_style\":\"default\",\"link_text\":\"Read more\",\"margin\":\"default\",\"meta_align\":\"below-title\",\"meta_element\":\"div\",\"meta_style\":\"text-meta\",\"show_content\":true,\"show_image\":false,\"show_link\":false,\"show_meta\":true,\"show_title\":true,\"timeline_icon_background\":\"rgba(255, 255, 255, 1)\",\"timeline_icon_border\":\"rgba(0, 0, 0, 0.1)\",\"timeline_icon_width\":40,\"title_align\":\"top\",\"title_element\":\"h3\",\"title_grid_breakpoint\":\"m\",\"title_grid_width\":\"1-2\",\"title_hover_style\":\"reset\"},\"children\":[{\"type\":\"hd-timeline_item\",\"props\":{\"content\":\"\n\n<div class=\\\"page\\\" title=\\\"Page 1\\\">\\n\n\n<div class=\\\"layoutArea\\\">\\n\n\n<div class=\\\"column\\\">\\n\n\n<p>Bridging digital and analog realms | <a href=\\\"https:\\\/\\\/eboran-galerie.net\\\" target=\\\"_blank\\\" rel=\\\"noopener\\\">EBORAN-Galerie <\\\/a><sup>[Salzburg]<\\\/sup><\\\/p>\\n\n\n<p>Transfer code into structured chaos | <a href=\\\"https:\\\/\\\/attheprintingtable.com\\\/artists\\\/christian-murzek\\\/\\\" target=\\\"_blank\\\" rel=\\\"noopener\\\">At the pringing table<\\\/a>, <a href=\\\"https:\\\/\\\/viadukt.at\\\" target=\\\"_blank\\\" rel=\\\"noopener\\\">VIADUKT<\\\/a><span class=\\\"Apple-converted-space\\\">\\u00a0 <\\\/span><sup>[Wien]<\\\/sup><\\\/p>\\n\n\n<p><sup><span class=\\\"Apple-tab-span\\\"><\\\/span><\\\/sup>Con-ways Step | <a href=\\\"https:\\\/\\\/www.porgy.at\\\/events\\\/12202\\\/\\\" target=\\\"_blank\\\" rel=\\\"noopener\\\">Porgy &amp; Bess<\\\/a> <sup>[Wien]<\\\/sup><\\\/p>\\n\n\n<p><span>1 while (true) {2 console.log(\\u201eDies ist ein Glitch!\\u201c); 3} <\\\/span><span>| \\u00a0<\\\/span><a href=\\\"https:\\\/\\\/admiring-minsky-8aa98d.netlify.app\\\" target=\\\"_blank\\\" rel=\\\"noopener\\\">WaserWasser<\\\/a><span> <\\\/span><span><sup>[Wien]<\\\/sup><\\\/span><\\\/p>\\n<\\\/div>\\n<\\\/div>\\n<\\\/div>\",\"title\":\"2024\"}},{\"type\":\"hd-timeline_item\",\"props\":{\"content\":\"\n\n<p><span>Landing of the Chrome_Glider | <a href=\\\"https:\\\/\\\/www.artlodge.at\\\" target=\\\"_blank\\\" rel=\\\"noopener\\\">ArtLodge,<\\\/a> Verditz <sup>[K\\u00e4rnten]<\\\/sup><\\\/span><\\\/p>\",\"title\":\"2023\"}},{\"type\":\"hd-timeline_item\",\"props\":{\"content\":\"\n\n<p><span>PHYSICAL STATE |\\u00a0<\\\/span><a rel=\\\"noreferrer noopener\\\" href=\\\"https:\\\/\\\/www.bildrecht.at\\\/bildraum\\\/\\\" target=\\\"_blank\\\">Bildraum07<\\\/a><span> <sup>[Wien]<\\\/sup><br \\\/><\\\/span><br \\\/><a rel=\\\"noreferrer noopener\\\" href=\\\"https:\\\/\\\/villach.at\\\/stadt-erleben\\\/kultur\\\/galerie-freihausgasse\\\" target=\\\"_blank\\\">Galerie Freihausgasse<\\\/a><span> | Villach\\u00a0<sup>[K\\u00e4rnten]<\\\/sup><br \\\/><\\\/span><br \\\/><a rel=\\\"noreferrer noopener\\\" href=\\\"http:\\\/\\\/www.galerien-thayaland.at\\\/christian-murzek\\\/\\\" target=\\\"_blank\\\">Kunstfabrik<\\\/a><span> | Gro\\u00df-Siegharts <sup>[Nieder\\u00f6sterreich]<\\\/sup><\\\/span><\\\/p>\\n\n\n<p><span>Entities 3.0 | <a href=\\\"https:\\\/\\\/www.wohnzimmergalerie.net\\\/2022\\\/11\\\/christian-murzek-entities-3-0\\\/\\\" target=\\\"_blank\\\" rel=\\\"noopener\\\">Wohnzimmergalerie<\\\/a> <sup>[Ober\\u00f6sterreich]<\\\/sup><\\\/span><\\\/p>\",\"title\":\"2022\"}},{\"type\":\"hd-timeline_item\",\"props\":{\"content\":\"\n\n<p><a rel=\\\"noreferrer noopener\\\" href=\\\"https:\\\/\\\/www.kuenstlerstadt-gmuend.at\\\/kuenstler\\\/christian-murzek-galerie-gmuend\\\" target=\\\"_blank\\\">Galerie GM\\u00dcND<\\\/a><span> | Gm\\u00fcnd\\u00a0<sup>[K\\u00e4rnten]<\\\/sup><br \\\/><\\\/span><br \\\/><span>Algorithm Waves | RedCarpet-Showroom Schottentor <sup>[Wien]<\\\/sup><\\\/span><br \\\/><span><br \\\/>BINARYYIELDPOINTCATALYSATOR | Johannesgasse <sup>[Wien]<\\\/sup><\\\/span><\\\/p>\",\"title\":\"2021\"}},{\"type\":\"hd-timeline_item\",\"props\":{\"content\":\"\n\n<p><span>Rule 30 | RED Carpet Showrooms, 1070 Neubau <sup>[Wien]<\\\/sup><\\\/span><\\\/p>\",\"title\":\"2020\"}},{\"type\":\"hd-timeline_item\",\"props\":{\"content\":\"\n\n<p><a rel=\\\"noreferrer noopener\\\" href=\\\"https:\\\/\\\/www.kuenstlerstadt-gmuend.at\\\/programm\\\/christian-murzek-2019\\\" target=\\\"_blank\\\">MALTALOAD 1.0<\\\/a><span> | AiR Gm\\u00fcnd Residency\\u00a0<sup>[K\\u00e4rnten]<\\\/sup><\\\/span><\\\/p>\",\"title\":\"2019\"}},{\"type\":\"hd-timeline_item\",\"props\":{\"content\":\"\n\n<p><a rel=\\\"noreferrer noopener\\\" href=\\\"https:\\\/\\\/magdas-hotel.at\\\/de\\\/vienna-city\\\" target=\\\"_blank\\\">magdas<\\\/a><span> HOTEL <sup>[Vienna]<\\\/sup><\\\/span><\\\/p>\",\"title\":\"2018\"}},{\"type\":\"hd-timeline_item\",\"props\":{\"content\":\"\n\n<p><a href=\\\"https:\\\/\\\/www.akbild.ac.at\\\/de\\\/universitaet\\\/universitaetsbibliothek\\\" target=\\\"_blank\\\" rel=\\\"noreferrer noopener\\\">Bibliothek, Akademie der bildenden K\\u00fcnste<\\\/a><span> <sup>[Wien]<\\\/sup><\\\/span><\\\/p>\",\"title\":\"2017\"}},{\"type\":\"hd-timeline_item\",\"props\":{\"content\":\"\n\n<p><a rel=\\\"noreferrer noopener\\\" href=\\\"http:\\\/\\\/www.kunstverein-mistelbach.at\\\/KV_Katalog15-19_online.pdf\\\" target=\\\"_blank\\\">\\u00a0\\\"into the woods\\\" <\\\/a><span>|\\u00a0<\\\/span><a href=\\\"https:\\\/\\\/www.mamuz.at\\\/de\\\/ausstellungen\\\/museum-mistelbach\\\/m-zone\\\" target=\\\"_blank\\\" rel=\\\"noreferrer noopener\\\">Nitsch-Museum Mistelbach<\\\/a><span> <sup>[Nieder\\u00f6sterreich]<\\\/sup><\\\/span><\\\/p>\",\"title\":\"2016\"}}]},{\"type\":\"headline\",\"props\":{\"content\":\"<br \\\/><br \\\/>\\n\n\n<p>Ausgew\\u00e4hlte GruppenausstellungeN<\\\/p>\",\"title_element\":\"h2\"},\"name\":\"GROUP\"},{\"type\":\"hd-timeline\",\"props\":{\"align_default\":\"right\",\"align_medium\":\"left-alternate\",\"content_column_breakpoint\":\"m\",\"content_margin\":\"remove\",\"icon_width\":80,\"image_align\":\"top\",\"image_grid_breakpoint\":\"m\",\"image_grid_width\":\"1-2\",\"image_svg_color\":\"emphasis\",\"item_animation\":true,\"line_color\":\"rgba(0, 0, 0, 0.1)\",\"link_style\":\"default\",\"link_text\":\"Read more\",\"margin\":\"default\",\"meta_align\":\"below-title\",\"meta_element\":\"div\",\"meta_style\":\"text-meta\",\"show_content\":true,\"show_image\":false,\"show_link\":false,\"show_meta\":false,\"show_title\":true,\"timeline_icon_background\":\"rgba(255, 255, 255, 1)\",\"timeline_icon_border\":\"rgba(0, 0, 0, 0.1)\",\"timeline_icon_width\":40,\"title_align\":\"top\",\"title_element\":\"h3\",\"title_grid_breakpoint\":\"m\",\"title_grid_width\":\"1-2\",\"title_hover_style\":\"reset\"},\"children\":[{\"type\":\"hd-timeline_item\",\"props\":{\"content\":\"\n\n<p>Paper Unlimited | <a href=\\\"https:\\\/\\\/www.museumkrems.at\\\/news-aus-dem-museum\\\/news-detail\\\/erich-grabner-preis-fuer-kuenstlerische-grafik-der-stadt-krems\\\">Museum Krems<\\\/a> <sup>[Krems, Nieder\\u00f6sterreich]<\\\/sup><\\\/p>\\n\n\n<p>Parallel Editions 2024 | <a href=\\\"https:\\\/\\\/parallelvienna.com\\\">Parallel Vienna<\\\/a> <sup>[Wien]<\\\/sup>\\u00a0<\\\/p>\\n\n\n<p>Alchemical Im\\\/Possibilities | <a href=\\\"https:\\\/\\\/sehsaal.at\\\/alchemical-im-possibilities\\\/\\\">Sehsaal<\\\/a> <sup>[Wien]<\\\/sup>\\u00a0<\\\/p>\\n\n\n<p>Grids and Artifacts | <a href=\\\"http:\\\/\\\/www.grenzart.org\\\">GrenzArt<\\\/a> <sup>[Nieder\\u00f6sterreich]<\\\/sup><\\\/p>\\n\n\n<p>UNSUPERVISED | <a href=\\\"https:\\\/\\\/flat130.wixsite.com\\\/offspaceflat1\\\">Flat1<\\\/a> <sup>[Wien]<\\\/sup><\\\/p>\",\"title\":\"2024\"}},{\"type\":\"hd-timeline_item\",\"props\":{\"content\":\"\n\n<p>Second Stop | <a href=\\\"https:\\\/\\\/austriakulturinternational.at\\\/2023\\\/08\\\/31\\\/second-stop-points-of-view-kulturforum-bratislava\\\/\\\" target=\\\"_blank\\\" rel=\\\"noopener\\\">Kulturforum Bratislava<\\\/a> <sup>[Slovakei]<\\\/sup><\\\/p>\\n\n\n<p>NASENBOHREN | Intervention | <a href=\\\"https:\\\/\\\/parallelvienna.com\\\" target=\\\"_blank\\\" rel=\\\"noopener\\\">Parallel Vienna<\\\/a> <sup>[Wien]<\\\/sup><\\\/p>\\n\n\n<p><a href=\\\"https:\\\/\\\/www.medienkulturhaus.at\\\/events\\\/alabaster-gegner-haus\\\/\\\" target=\\\"_blank\\\" rel=\\\"noopener\\\">Alabasta<\\\/a> | Galerie der Stadt Wels <sup>[Ober\\u00f6sterreich]<\\\/sup><\\\/p>\\n\n\n<p>Sprache und Kunst \\u2013 Codes und ihre Bedeutung | <a href=\\\"https:\\\/\\\/www.gruenspan.org\\\/2023\\\/sprache_und_kunst_codes.html\\\" target=\\\"_blank\\\" rel=\\\"noopener\\\">Gr\\u00fcnspan<\\\/a> <sup>[K\\u00e4rnten]<\\\/sup><\\\/p>\",\"title\":\"2023\"}},{\"type\":\"hd-timeline_item\",\"props\":{\"content\":\"\n\n<p><span>Kulturpreis des Landes Nieder\\u00f6sterreich |<a rel=\\\"noreferrer noopener\\\" href=\\\"https:\\\/\\\/www.noedok.at\\\" target=\\\"_blank\\\">DOK NIEDER\\u00d6STERREICH<\\\/a> <sup>[Nieder\\u00f6sterreich]<\\\/sup><br \\\/><br \\\/><\\\/span><span>Assembled Dimensions | kuratiert von Veronika Rudorfer | <br \\\/><\\\/span><a rel=\\\"noreferrer noopener\\\" href=\\\"https:\\\/\\\/www.iv.at\\\/Die-IV\\\/RS\\\/Haus-der-Industrie\\\/Das-Haus-der-Industrie\\\/das-haus-der-industrie.html\\\" target=\\\"_blank\\\">Haus der Industrie<\\\/a><span> <sup>[Wien]<\\\/sup><\\\/span><\\\/p>\\n\n\n<p><a rel=\\\"noreferrer noopener\\\" href=\\\"https:\\\/\\\/parallelvienna.com\\\/\\\" target=\\\"_blank\\\">Parallel Vienna<\\\/a><span>, ProjectStatement | Semmelweis-Klinik<sup>[Wien]<\\\/sup><\\\/span><\\\/p>\\n\n\n<p><a rel=\\\"noreferrer noopener\\\" href=\\\"https:\\\/\\\/www.noe.gv.at\\\/noe\\\/Kunst-Kultur\\\/Ausstellungsbruecke.html\\\" target=\\\"_blank\\\">Ausstellungsbr\\u00fccke<\\\/a><span> | Regierungsviertel, St.P\\u00f6lten <sup>[Nieder\\u00f6sterreich]<\\\/sup><\\\/span><\\\/p>\\n\n\n<p><a rel=\\\"noreferrer noopener\\\" href=\\\"https:\\\/\\\/www.questionmeandanswer.com\\\/event\\\/group-exhibition-2021\\\" target=\\\"_blank\\\">PRECARIOUS CIRCUMSTANCES<\\\/a><span>\\u00a0|\\u00a0<\\\/span><a rel=\\\"noreferrer noopener\\\" href=\\\"https:\\\/\\\/sohostudios.at\\\/\\\" target=\\\"_blank\\\">SoHo Ottakring<\\\/a><span> <sup>[Wien]<\\\/sup><\\\/span><\\\/p>\",\"title\":\"2022\"}},{\"type\":\"hd-timeline_item\",\"props\":{\"content\":\"\n\n<p><a rel=\\\"noreferrer noopener\\\" href=\\\"https:\\\/\\\/parallelvienna.com\\\/\\\" target=\\\"_blank\\\">Parallel Vienna,<\\\/a><span> ArtistStatement | Semmelweis-Klinik <sup>[Wien]<\\\/sup><br \\\/><\\\/span><br \\\/><a rel=\\\"noreferrer noopener\\\" href=\\\"http:\\\/\\\/www.supersuper.at\\\/\\\" target=\\\"_blank\\\">White Noise<\\\/a><span> | Kunstraum SUPER <sup>[Wien]<\\\/sup><\\\/span><br \\\/><span><br \\\/>Konvergenzen II |\\u00a0<\\\/span><a href=\\\"http:\\\/\\\/www.kunstaspekt.at\\\/\\\" target=\\\"_blank\\\" rel=\\\"noreferrer noopener\\\">Galereie im Turm<\\\/a><span> <sup>[Nieder\\u00f6sterreich]<\\\/sup><\\\/span><\\\/p>\",\"title\":\"2021\"}},{\"type\":\"hd-timeline_item\",\"props\":{\"content\":\"\n\n<p><a rel=\\\"noreferrer noopener\\\" href=\\\"https:\\\/\\\/www.summeracademy.at\\\/kurse\\\/tag-der-offenen-ateliers\\\/\\\" target=\\\"_blank\\\">Open Studio Day<\\\/a><span> | Internationale Sommer Akademie <sup>[Salzburg]<\\\/sup><\\\/span><\\\/p>\",\"title\":\"2020\"}},{\"type\":\"hd-timeline_item\",\"props\":{\"content\":\"\n\n<p><a rel=\\\"noreferrer noopener\\\" href=\\\"https:\\\/\\\/stadtlabore.wien.gv.at\\\/site\\\/neues-wahres-creative-cluster-x-vienna-art-week-20-11-17-22-uhr\\\/\\\" target=\\\"_blank\\\">Vienna Art Week via ArtStart<\\\/a><span> | Traktorfabrik <sup>[Wien]<\\\/sup><br \\\/><\\\/span><br \\\/><a rel=\\\"noreferrer noopener\\\" href=\\\"https:\\\/\\\/kaeshmaesh.wordpress.com\\\/2019\\\/09\\\/04\\\/gumballmachine-koeck-putz-murzek\\\/\\\" target=\\\"_blank\\\">Gumballmachine<\\\/a><span> | Kaeshmaesh <sup>[Wien]<\\\/sup><\\\/span><br \\\/><br \\\/><a rel=\\\"noreferrer noopener\\\" href=\\\"https:\\\/\\\/www.taxispalais.art\\\/programm\\\/ausstellungen\\\/36-oesterreichischer-grafikwettbewerb\\\" target=\\\"_blank\\\">36th \\u00f6sterreichischer Grafik Wettbewerb<\\\/a><span> |\\u00a0 Taxis_Palais <sup>[Tirol]<\\\/sup><\\\/span><br \\\/><span><br \\\/>Koschatzky Art Award 2019 | MUMOK <sup>[Vienna]<\\\/sup><\\\/span><br \\\/><br \\\/><a rel=\\\"noreferrer noopener\\\" href=\\\"https:\\\/\\\/www.k-haus.at\\\/besuch\\\/kalender\\\/ausstellung\\\/346\\\/haben-und-brauchen-in-wien.html\\\" target=\\\"_blank\\\">Haben und Brauchen in Wien<\\\/a><span> | K\\u00fcnstlerhaus <sup>[Vienna]<\\\/sup><\\\/span><\\\/p>\",\"title\":\"2019\"}},{\"type\":\"hd-timeline_item\",\"props\":{\"content\":\"\n\n<p><a rel=\\\"noreferrer noopener\\\" href=\\\"https:\\\/\\\/repository.akbild.ac.at\\\/en\\\/sammlungen_absolventinnenkatalog\\\/query\\\/21720\\\" target=\\\"_blank\\\">Diplomausstellung \\u201dinput:output\\u201d<\\\/a><span> | Semperdepot <sup>[Wien]<\\\/sup><\\\/span><\\\/p>\",\"title\":\"2018\"}},{\"type\":\"hd-timeline_item\",\"props\":{\"content\":\"\n\n<p><a rel=\\\"noreferrer noopener\\\" href=\\\"https:\\\/\\\/5020.info\\\/programm\\\/wie-vermochten-wir-das-meer-auszutrinken\\\" target=\\\"_blank\\\">\\u201cWie vermochten wir das Meer auszutrinken\\u201d |<\\\/a><span> Galerie 5020 <sup>[Salzburg]<\\\/sup><br \\\/><\\\/span><br \\\/><a rel=\\\"noreferrer noopener\\\" href=\\\"https:\\\/\\\/www.akbild.ac.at\\\/Portal\\\/universitaet\\\/aktuelles\\\/ausstellungen-vermittlung\\\/2017\\\/rundgang-2017\\\/?searchterm=Murzek*&amp;set_language=de\\\" target=\\\"_blank\\\">\\u201c\\u2026 das Ozonloch ist \\u2026\\u201d<\\\/a><span> \\u00a0| Bibliothek, Akademie der bildenden K\\u00fcnste <sup>[Wien]<\\\/sup><\\\/span><\\\/p>\",\"title\":\"2017\"}},{\"type\":\"hd-timeline_item\",\"props\":{\"content\":\"\n\n<p><span>Keep your hat on. We may end \\u2026\\u201d | Offspace ,,das Manfred\\u2018\\u2018 <sup>[Wien]<\\\/sup><br \\\/><\\\/span><br \\\/><span>Gruppenausstellung | Galerie Gaudenz Pedit, Kitzb\\u00fchel <sup>[Tirol]<\\\/sup><\\\/span><\\\/p>\",\"title\":\"2016\"}},{\"type\":\"hd-timeline_item\",\"props\":{\"content\":\"\n\n<p><a rel=\\\"noreferrer noopener\\\" href=\\\"https:\\\/\\\/esel.at\\\/termin\\\/81960\\\/territory\\\" target=\\\"_blank\\\">\\u201cTERRITORY\\u201d<\\\/a><span> | Bl\\u00fctengasse 9 <sup>[Wien]<\\\/sup><\\\/span><\\\/p>\",\"title\":\"2015\"}},{\"type\":\"hd-timeline_item\",\"props\":{\"content\":\"\n\n<p><span>Europatag\\\/Europe Day | Stadtzentrum Lviv <sup>[Ukraine]<\\\/sup><\\\/span><\\\/p>\",\"title\":\"2014\"}},{\"type\":\"hd-timeline_item\",\"props\":{\"content\":\"\n\n<p><span>Paroda ART knyga\\u00a0 |\\u00a0<\\\/span><a href=\\\"https:\\\/\\\/biblioteka.vu.lt\\\/en\\\/\\\" target=\\\"_blank\\\" rel=\\\"noreferrer noopener\\\">Central Library-Vilnius<\\\/a><span> <sup>[Litauen]<\\\/sup><\\\/span><\\\/p>\",\"title\":\"2013\"}}]}]}],\"props\":{\"margin\":\"remove-vertical\"}}],\"name\":\"Exhibitions\"},{\"type\":\"section\",\"props\":{\"image_position\":\"center-center\",\"style\":\"default\",\"title_breakpoint\":\"xl\",\"title_position\":\"top-left\",\"title_rotation\":\"left\",\"vertical_align\":\"middle\",\"width\":\"default\"},\"children\":[{\"type\":\"row\",\"children\":[{\"type\":\"column\",\"props\":{\"image_position\":\"center-center\",\"position_sticky_breakpoint\":\"m\"},\"children\":[{\"type\":\"image\",\"props\":{\"image\":\"wp-content\\\/uploads\\\/2023\\\/02\\\/NAME-Master_AWARDS-Kopie.svg\",\"image_svg_color\":\"\",\"image_svg_inline\":true,\"image_width\":\"50\",\"margin\":\"default\",\"position\":\"absolute\",\"position_left\":\"-85px\",\"position_top\":\"47\",\"visibility\":\"xl\"},\"name\":\"AWARDS\"},{\"type\":\"headline\",\"props\":{\"content\":\"\n\n<h2>Stipendien | Auszeichnungen | Residencies<\\\/h2>\",\"title_element\":\"h1\",\"visibility\":\"hidden-xl\"}},{\"type\":\"hd-timeline\",\"props\":{\"align_default\":\"right\",\"align_medium\":\"left-alternate\",\"content_column_breakpoint\":\"m\",\"content_margin\":\"remove\",\"icon_width\":80,\"image_align\":\"top\",\"image_grid_breakpoint\":\"m\",\"image_grid_width\":\"1-2\",\"image_svg_color\":\"emphasis\",\"item_animation\":true,\"line_color\":\"rgba(0, 0, 0, 0.1)\",\"link_style\":\"default\",\"link_text\":\"Read more\",\"margin\":\"default\",\"meta_align\":\"below-title\",\"meta_element\":\"div\",\"meta_style\":\"text-meta\",\"show_content\":true,\"show_image\":false,\"show_link\":false,\"show_meta\":false,\"show_title\":true,\"timeline_icon_background\":\"rgba(255, 255, 255, 1)\",\"timeline_icon_border\":\"rgba(0, 0, 0, 0.1)\",\"timeline_icon_width\":40,\"title_align\":\"top\",\"title_element\":\"h3\",\"title_grid_breakpoint\":\"m\",\"title_grid_width\":\"1-2\",\"title_hover_style\":\"reset\"},\"children\":[{\"type\":\"hd-timeline_item\",\"props\":{\"content\":\"\n\n<p><span>AiR \\u2013 Artist in Residence | CHICAGO USA\\u00a0<\\\/span><\\\/p>\",\"title\":\"2025\"}},{\"type\":\"hd-timeline_item\",\"props\":{\"content\":\"\n\n<div class=\\\"page\\\" title=\\\"Page 2\\\">\\n\n\n<div class=\\\"section\\\">\\n\n\n<div class=\\\"layoutArea\\\">\\n\n\n<div class=\\\"column\\\">\\n\n\n<p><span><a href=\\\"https:\\\/\\\/www.museumkrems.at\\\/ausstellung\\\/erich-grabner-preis\\\/ausschreibung\\\" target=\\\"_blank\\\" rel=\\\"noopener\\\">ERICH GRABNER PREIS<\\\/a>| Nominierung<\\\/span><\\\/p>\\n<\\\/div>\\n<\\\/div>\\n<\\\/div>\\n<\\\/div>\",\"title\":\"2024\"}},{\"type\":\"hd-timeline_item\",\"props\":{\"content\":\"\n\n<p><span>AiR \\u2013 Artist in Residence | Paliano 2023 <sup>[Italien]<\\\/sup><\\\/span><\\\/p>\",\"title\":\"2023\"}},{\"type\":\"hd-timeline_item\",\"props\":{\"content\":\"\n\n<p><a href=\\\"https:\\\/\\\/www.stadt-salzburg.at\\\/news\\\/rundum-ein-hingucker-kunst-litfasssaeulen-salzburg-2022\\\/\\\" target=\\\"_blank\\\" rel=\\\"noreferrer noopener\\\">,,Kunst-Litfa\\u00dfs\\u00e4ulen\\u201d<\\\/a><span> | Stadt Salzburg <sup>[Salzburg]<\\\/sup><br \\\/><\\\/span><br \\\/><a rel=\\\"noreferrer noopener\\\" href=\\\"https:\\\/\\\/www.strabag-kunstforum.at\\\/artaward\\\/juryvorauswahl-und-auszeichnungen\\\/showartist\\\/12580\\\" target=\\\"_blank\\\">STRABAG ART-AWARD<\\\/a><span> | nominiert<\\\/span><\\\/p>\",\"title\":\"2022\"}},{\"type\":\"hd-timeline_item\",\"props\":{\"content\":\"\n\n<p><a rel=\\\"noreferrer noopener\\\" href=\\\"https:\\\/\\\/www.parnass.at\\\/\\\" target=\\\"_blank\\\">PARNASS<\\\/a><span> | Up&amp;Coming | Publikation<br \\\/><\\\/span><br \\\/><span>Art Matters |\\u00a0<\\\/span><a rel=\\\"noreferrer noopener\\\" href=\\\"http:\\\/\\\/www.galerie-biesenbach.de\\\/\\\" target=\\\"_blank\\\">Galerie Biesenbach<\\\/a><span> | nominiert<\\\/span><\\\/p>\",\"title\":\"2021\"}},{\"type\":\"hd-timeline_item\",\"props\":{\"content\":\"\n\n<p><a rel=\\\"noreferrer noopener\\\" href=\\\"https:\\\/\\\/www.strabag-kunstforum.at\\\/artaward\\\/juryvorauswahl-und-auszeichnungen\\\/showartist\\\/10509\\\" target=\\\"_blank\\\">STRABAG ART-AWARD<\\\/a><span> | nominiert<br \\\/><\\\/span><br \\\/><a rel=\\\"noreferrer noopener\\\" href=\\\"https:\\\/\\\/www.summeracademy.at\\\/en\\\/\\\" target=\\\"_blank\\\">Sommer Akademie Salzburg<\\\/a><span> | <br \\\/>Stipendendium bei<\\\/span><span>\\u00a0<\\\/span><a href=\\\"http:\\\/\\\/www.galerie-biesenbach.de\\\/\\\" target=\\\"_blank\\\" rel=\\\"noreferrer noopener\\\">Tobias Pils<\\\/a><span>\\u00a0&amp;\\u00a0<\\\/span><a href=\\\"https:\\\/\\\/www.michaelhorsky.at\\\/\\\" target=\\\"_blank\\\" rel=\\\"noreferrer noopener\\\">Michael Horsky<\\\/a><\\\/p>\",\"title\":\"2020\"}},{\"type\":\"hd-timeline_item\",\"props\":{\"content\":\"\n\n<p><a rel=\\\"noreferrer noopener\\\" href=\\\"https:\\\/\\\/kuenstlerstadt-gmuend.at\\\/Portals\\\/0\\\/2019\\\/_KI_Katalog_Christian_Murzek.pdf?ver=2019-10-18-114440-213\\\" target=\\\"_blank\\\">AiR \\u2013 Gm\\u00fcnd\\u00a0<\\\/a><span>| Residency<br \\\/><\\\/span><br \\\/><span>Walter KOSCHATZKY ART AWARD | nominiert<br \\\/><\\\/span><br \\\/><a rel=\\\"noreferrer noopener\\\" href=\\\"https:\\\/\\\/www.strabag-kunstforum.at\\\/assets\\\/Uploads\\\/Katalog-PDFs\\\/Katalog-2019-Webversion.pdf\\\" target=\\\"_blank\\\">STRABAG ART-AWARD |<\\\/a><span>nominiert<\\\/span><span><br \\\/><\\\/span><br \\\/><a rel=\\\"noreferrer noopener\\\" href=\\\"https:\\\/\\\/www.akbild.ac.at\\\/Portal\\\/studium\\\/nachwuchsfoerderung-1\\\/akademie_studio\\\/stipendiat_innen-2019\\\/christian-murzek\\\" target=\\\"_blank\\\">Art Start_STUDIO |<\\\/a><span> Atelier-Stipendium<\\\/span><\\\/p>\",\"meta\":\"\",\"title\":\"2019\"}},{\"type\":\"hd-timeline_item\",\"props\":{\"content\":\"\n\n<p><a rel=\\\"noreferrer noopener\\\" href=\\\"https:\\\/\\\/oe1.orf.at\\\/artikel\\\/643848\\\/Oe1-Grafik-des-Monats-zellularer-meltdown\\\" target=\\\"_blank\\\">\\u00d61 \\u2013 Grafik des Monats<\\\/a><\\\/p>\",\"title\":\"2018\"}},{\"type\":\"hd-timeline_item\",\"props\":{\"content\":\"\n\n<p><a href=\\\"https:\\\/\\\/www.strabag-kunstforum.at\\\/artaward\\\/juryvorauswahl-und-auszeichnungen\\\/showartist\\\/6692\\\" data-type=\\\"URL\\\" data-id=\\\"https:\\\/\\\/www.strabag-kunstforum.at\\\/artaward\\\/juryvorauswahl-und-auszeichnungen\\\/showartist\\\/6692\\\" target=\\\"_blank\\\" rel=\\\"noreferrer noopener\\\">STRABAG ART-AWARD |<\\\/a><span> nominiert<\\\/span><\\\/p>\",\"title\":\"2017\"}},{\"type\":\"hd-timeline_item\",\"props\":{\"content\":\"\n\n<p><span>Walter KOSCHATZKY ART AWARD | nominiert<br \\\/><\\\/span><br \\\/><a rel=\\\"noreferrer noopener\\\" href=\\\"https:\\\/\\\/www.strabag-kunstforum.at\\\/assets\\\/Uploads\\\/Katalog-PDFs\\\/Katalog-2015-Webversion.pdf\\\" target=\\\"_blank\\\">\\u00a0STRABAG ART-AWARD |<\\\/a><span> nominiert<\\\/span><\\\/p>\",\"title\":\"2015\"}}]}]}],\"props\":{\"margin\":\"remove-vertical\"}}],\"name\":\"Awards\"},{\"type\":\"section\",\"props\":{\"image_position\":\"center-center\",\"style\":\"default\",\"title_breakpoint\":\"xl\",\"title_position\":\"top-left\",\"title_rotation\":\"left\",\"vertical_align\":\"middle\",\"width\":\"default\"},\"children\":[{\"type\":\"row\",\"props\":{\"layout\":\"1-2,1-2\"},\"children\":[{\"type\":\"column\",\"props\":{\"image_position\":\"center-center\",\"position_sticky_breakpoint\":\"m\",\"width_medium\":\"1-2\"},\"children\":[{\"type\":\"headline\",\"props\":{\"content\":\"\n\n<p>Sammlungen<\\\/p>\",\"margin\":\"remove-vertical\",\"margin_remove_top\":true,\"title_element\":\"h1\",\"title_style\":\"h2\"}},{\"type\":\"text\",\"props\":{\"animation\":\"fade\",\"column_breakpoint\":\"m\",\"content\":\"\n\n<p style=\\\"text-align: left;\\\">\\u2022 <span>Landessammlungen Nieder\\u00f6sterreich<\\\/span><\\\/p>\\n\n\n<p style=\\\"text-align: left;\\\">\\u2022 Stadt Wien, MA7<\\\/p>\\n\n\n<p style=\\\"text-align: left;\\\">\\u2022 Kupferstichkabinett, Wien<\\\/p>\\n\n\n<p style=\\\"text-align: left;\\\">\\u2022 Arbeiten in privaten Sammlungen<\\\/p>\",\"margin\":\"remove-vertical\",\"maxwidth\":\"xlarge\",\"text_align\":\"left\"}}]},{\"type\":\"column\",\"props\":{\"image_position\":\"center-center\",\"position_sticky_breakpoint\":\"m\",\"width_medium\":\"1-2\"},\"children\":[{\"type\":\"headline\",\"props\":{\"content\":\"\n\n<p>DOWNLOADS<\\\/p>\",\"margin\":\"remove-vertical\",\"margin_remove_top\":true,\"title_element\":\"h1\",\"title_style\":\"h2\"}},{\"type\":\"text\",\"props\":{\"animation\":\"fade\",\"column_breakpoint\":\"m\",\"content\":\"\n\n<p style=\\\"text-align: left;\\\">demn\\u00e4chst\\u2026<\\\/p>\",\"margin\":\"remove-vertical\",\"maxwidth\":\"xlarge\",\"text_align\":\"left\"}}]}]}],\"name\":\"BUTTONS\"}],\"version\":\"4.3.6\"} --><\/p>\n","protected":false},"excerpt":{"rendered":"<p>CV Geboren 1986, lebt und arbeitet in Wien &amp; Nieder\u00f6sterreich. Nach seiner Ausbildung als Grafik-Designer studierte Christian Murzek Philosophie an der Universit\u00e4t Wien. 2012 begann er sein Studium an der Akademie der bildenden K\u00fcnste \u00a0bei Silke Otto-Knapp, Gunter Damisch, Veronika Dirnhofer und Christian Schwarzwald. Seine Arbeit bewegt sich an der Schnittstelle zwischen digitalen und analogen [&hellip;]<\/p>\n","protected":false},"author":1,"featured_media":0,"parent":0,"menu_order":0,"comment_status":"closed","ping_status":"closed","template":"","meta":{"footnotes":""},"class_list":["post-1063","page","type-page","status-publish","hentry"],"acf":[],"yoast_head":"<!-- This site is optimized with the Yoast SEO plugin v24.2 - https:\/\/yoast.com\/wordpress\/plugins\/seo\/ -->\n<title>Vita - Christian Murzek<\/title>\n<meta name=\"robots\" content=\"index, follow, max-snippet:-1, max-image-preview:large, max-video-preview:-1\" \/>\n<link rel=\"canonical\" href=\"https:\/\/murzek.com\/de\/vita\/\" \/>\n<meta property=\"og:locale\" content=\"de_DE\" \/>\n<meta property=\"og:type\" content=\"article\" \/>\n<meta property=\"og:title\" content=\"Vita - Christian Murzek\" \/>\n<meta property=\"og:description\" content=\"CV Geboren 1986, lebt und arbeitet in Wien &amp; Nieder\u00f6sterreich. Nach seiner Ausbildung als Grafik-Designer studierte Christian Murzek Philosophie an der Universit\u00e4t Wien. 2012 begann er sein Studium an der Akademie der bildenden K\u00fcnste \u00a0bei Silke Otto-Knapp, Gunter Damisch, Veronika Dirnhofer und Christian Schwarzwald. Seine Arbeit bewegt sich an der Schnittstelle zwischen digitalen und analogen [&hellip;]\" \/>\n<meta property=\"og:url\" content=\"https:\/\/murzek.com\/de\/vita\/\" \/>\n<meta property=\"og:site_name\" content=\"Christian Murzek\" \/>\n<meta property=\"article:publisher\" content=\"https:\/\/www.facebook.com\/christianmurzek\/\" \/>\n<meta property=\"article:modified_time\" content=\"2025-12-17T15:35:07+00:00\" \/>\n<meta name=\"twitter:card\" content=\"summary_large_image\" \/>\n<meta name=\"twitter:site\" content=\"@FireMail\" \/>\n<meta name=\"twitter:label1\" content=\"Gesch\u00e4tzte Lesezeit\" \/>\n\t<meta name=\"twitter:data1\" content=\"4\u00a0Minuten\" \/>\n<script type=\"application\/ld+json\" class=\"yoast-schema-graph\">{\"@context\":\"https:\/\/schema.org\",\"@graph\":[{\"@type\":\"WebPage\",\"@id\":\"https:\/\/murzek.com\/de\/vita\/\",\"url\":\"https:\/\/murzek.com\/de\/vita\/\",\"name\":\"Vita - Christian Murzek\",\"isPartOf\":{\"@id\":\"https:\/\/murzek.com\/de\/#website\"},\"datePublished\":\"2023-02-14T12:50:16+00:00\",\"dateModified\":\"2025-12-17T15:35:07+00:00\",\"breadcrumb\":{\"@id\":\"https:\/\/murzek.com\/de\/vita\/#breadcrumb\"},\"inLanguage\":\"de\",\"potentialAction\":[{\"@type\":\"ReadAction\",\"target\":[\"https:\/\/murzek.com\/de\/vita\/\"]}]},{\"@type\":\"BreadcrumbList\",\"@id\":\"https:\/\/murzek.com\/de\/vita\/#breadcrumb\",\"itemListElement\":[{\"@type\":\"ListItem\",\"position\":1,\"name\":\"Home\",\"item\":\"https:\/\/murzek.com\/de\/\"},{\"@type\":\"ListItem\",\"position\":2,\"name\":\"Vita\"}]},{\"@type\":\"WebSite\",\"@id\":\"https:\/\/murzek.com\/de\/#website\",\"url\":\"https:\/\/murzek.com\/de\/\",\"name\":\"Christian Murzek\",\"description\":\"artist based in Vienna\",\"publisher\":{\"@id\":\"https:\/\/murzek.com\/de\/#\/schema\/person\/0f438276edfdabc056d2933bc0b1e0ab\"},\"potentialAction\":[{\"@type\":\"SearchAction\",\"target\":{\"@type\":\"EntryPoint\",\"urlTemplate\":\"https:\/\/murzek.com\/de\/?s={search_term_string}\"},\"query-input\":{\"@type\":\"PropertyValueSpecification\",\"valueRequired\":true,\"valueName\":\"search_term_string\"}}],\"inLanguage\":\"de\"},{\"@type\":[\"Person\",\"Organization\"],\"@id\":\"https:\/\/murzek.com\/de\/#\/schema\/person\/0f438276edfdabc056d2933bc0b1e0ab\",\"name\":\"Christian Murzek\",\"image\":{\"@type\":\"ImageObject\",\"inLanguage\":\"de\",\"@id\":\"https:\/\/murzek.com\/de\/#\/schema\/person\/image\/\",\"url\":\"https:\/\/secure.gravatar.com\/avatar\/1180ce0f59a7a2f1d66a25bd11672eece43c27383d001798e35553ca711b4cf9?s=96&d=mm&r=g\",\"contentUrl\":\"https:\/\/secure.gravatar.com\/avatar\/1180ce0f59a7a2f1d66a25bd11672eece43c27383d001798e35553ca711b4cf9?s=96&d=mm&r=g\",\"caption\":\"Christian Murzek\"},\"logo\":{\"@id\":\"https:\/\/murzek.com\/de\/#\/schema\/person\/image\/\"},\"sameAs\":[\"https:\/\/www.facebook.com\/christianmurzek\/\",\"https:\/\/www.instagram.com\/chris_murzek\/\",\"https:\/\/www.linkedin.com\/in\/christian-murzek\/\",\"https:\/\/x.com\/FireMail\"]}]}<\/script>\n<!-- \/ Yoast SEO plugin. -->","yoast_head_json":{"title":"Vita - Christian Murzek","robots":{"index":"index","follow":"follow","max-snippet":"max-snippet:-1","max-image-preview":"max-image-preview:large","max-video-preview":"max-video-preview:-1"},"canonical":"https:\/\/murzek.com\/de\/vita\/","og_locale":"de_DE","og_type":"article","og_title":"Vita - Christian Murzek","og_description":"CV Geboren 1986, lebt und arbeitet in Wien &amp; Nieder\u00f6sterreich. Nach seiner Ausbildung als Grafik-Designer studierte Christian Murzek Philosophie an der Universit\u00e4t Wien. 2012 begann er sein Studium an der Akademie der bildenden K\u00fcnste \u00a0bei Silke Otto-Knapp, Gunter Damisch, Veronika Dirnhofer und Christian Schwarzwald. Seine Arbeit bewegt sich an der Schnittstelle zwischen digitalen und analogen [&hellip;]","og_url":"https:\/\/murzek.com\/de\/vita\/","og_site_name":"Christian Murzek","article_publisher":"https:\/\/www.facebook.com\/christianmurzek\/","article_modified_time":"2025-12-17T15:35:07+00:00","twitter_card":"summary_large_image","twitter_site":"@FireMail","twitter_misc":{"Gesch\u00e4tzte Lesezeit":"4\u00a0Minuten"},"schema":{"@context":"https:\/\/schema.org","@graph":[{"@type":"WebPage","@id":"https:\/\/murzek.com\/de\/vita\/","url":"https:\/\/murzek.com\/de\/vita\/","name":"Vita - Christian Murzek","isPartOf":{"@id":"https:\/\/murzek.com\/de\/#website"},"datePublished":"2023-02-14T12:50:16+00:00","dateModified":"2025-12-17T15:35:07+00:00","breadcrumb":{"@id":"https:\/\/murzek.com\/de\/vita\/#breadcrumb"},"inLanguage":"de","potentialAction":[{"@type":"ReadAction","target":["https:\/\/murzek.com\/de\/vita\/"]}]},{"@type":"BreadcrumbList","@id":"https:\/\/murzek.com\/de\/vita\/#breadcrumb","itemListElement":[{"@type":"ListItem","position":1,"name":"Home","item":"https:\/\/murzek.com\/de\/"},{"@type":"ListItem","position":2,"name":"Vita"}]},{"@type":"WebSite","@id":"https:\/\/murzek.com\/de\/#website","url":"https:\/\/murzek.com\/de\/","name":"Christian Murzek","description":"artist based in Vienna","publisher":{"@id":"https:\/\/murzek.com\/de\/#\/schema\/person\/0f438276edfdabc056d2933bc0b1e0ab"},"potentialAction":[{"@type":"SearchAction","target":{"@type":"EntryPoint","urlTemplate":"https:\/\/murzek.com\/de\/?s={search_term_string}"},"query-input":{"@type":"PropertyValueSpecification","valueRequired":true,"valueName":"search_term_string"}}],"inLanguage":"de"},{"@type":["Person","Organization"],"@id":"https:\/\/murzek.com\/de\/#\/schema\/person\/0f438276edfdabc056d2933bc0b1e0ab","name":"Christian Murzek","image":{"@type":"ImageObject","inLanguage":"de","@id":"https:\/\/murzek.com\/de\/#\/schema\/person\/image\/","url":"https:\/\/secure.gravatar.com\/avatar\/1180ce0f59a7a2f1d66a25bd11672eece43c27383d001798e35553ca711b4cf9?s=96&d=mm&r=g","contentUrl":"https:\/\/secure.gravatar.com\/avatar\/1180ce0f59a7a2f1d66a25bd11672eece43c27383d001798e35553ca711b4cf9?s=96&d=mm&r=g","caption":"Christian Murzek"},"logo":{"@id":"https:\/\/murzek.com\/de\/#\/schema\/person\/image\/"},"sameAs":["https:\/\/www.facebook.com\/christianmurzek\/","https:\/\/www.instagram.com\/chris_murzek\/","https:\/\/www.linkedin.com\/in\/christian-murzek\/","https:\/\/x.com\/FireMail"]}]}},"_links":{"self":[{"href":"https:\/\/murzek.com\/de\/wp-json\/wp\/v2\/pages\/1063","targetHints":{"allow":["GET"]}}],"collection":[{"href":"https:\/\/murzek.com\/de\/wp-json\/wp\/v2\/pages"}],"about":[{"href":"https:\/\/murzek.com\/de\/wp-json\/wp\/v2\/types\/page"}],"author":[{"embeddable":true,"href":"https:\/\/murzek.com\/de\/wp-json\/wp\/v2\/users\/1"}],"replies":[{"embeddable":true,"href":"https:\/\/murzek.com\/de\/wp-json\/wp\/v2\/comments?post=1063"}],"version-history":[{"count":65,"href":"https:\/\/murzek.com\/de\/wp-json\/wp\/v2\/pages\/1063\/revisions"}],"predecessor-version":[{"id":1442,"href":"https:\/\/murzek.com\/de\/wp-json\/wp\/v2\/pages\/1063\/revisions\/1442"}],"wp:attachment":[{"href":"https:\/\/murzek.com\/de\/wp-json\/wp\/v2\/media?parent=1063"}],"curies":[{"name":"wp","href":"https:\/\/api.w.org\/{rel}","templated":true}]}}